{"id":25838539,"date":"2026-09-04T15:55:16","date_gmt":"2026-09-04T15:55:16","guid":{"rendered":"https:\/\/www.aplushomecare.ca\/?page_id=25838539"},"modified":"2026-09-04T23:41:43","modified_gmt":"2026-09-04T23:41:43","slug":"soins-infirmiers-prives-a-montreal","status":"publish","type":"page","link":"https:\/\/www.aplushomecare.ca\/fr\/soins-infirmiers-prives-a-montreal\/","title":{"rendered":"Soins infirmiers priv\u00e9s \u00e0 Montr\u00e9al"},"content":{"rendered":"<p>[et_pb_section fb_built=&#8221;1&#8243; custom_padding_last_edited=&#8221;on|phone&#8221; _builder_version=&#8221;4.27.4&#8243; _module_preset=&#8221;default&#8221; use_background_color_gradient=&#8221;on&#8221; background_color_gradient_stops=&#8221;rgba(207,242,254,0.82) 0%|rgba(207,242,254,0.82) 100%&#8221; background_color_gradient_overlays_image=&#8221;on&#8221; background_image=&#8221;https:\/\/www.aplushomecare.ca\/wp-content\/uploads\/2026\/06\/private-nursing-montreal-aplus-nurse.png&#8221; background_position=&#8221;top_center&#8221; background_vertical_offset=&#8221;13%&#8221; custom_padding=&#8221;100px||100px||true|false&#8221; custom_padding_tablet=&#8221;50px||50px||true|false&#8221; custom_padding_phone=&#8221;50px||50px||true|false&#8221; locked=&#8221;off&#8221; global_colors_info=&#8221;{}&#8221;][et_pb_row _builder_version=&#8221;4.27.4&#8243; _module_preset=&#8221;default&#8221; global_colors_info=&#8221;{}&#8221;][et_pb_column type=&#8221;4_4&#8243; _builder_version=&#8221;4.27.4&#8243; _module_preset=&#8221;default&#8221; global_colors_info=&#8221;{}&#8221;][et_pb_text _builder_version=&#8221;4.27.4&#8243; _module_preset=&#8221;default&#8221; text_font=&#8221;|300|||||||&#8221; text_font_size=&#8221;22px&#8221; text_line_height=&#8221;1.6em&#8221; header_font_size=&#8221;52px&#8221; header_2_font=&#8221;&#8211;et_global_heading_font|300|||||||&#8221; header_2_font_size=&#8221;25px&#8221; global_colors_info=&#8221;{}&#8221;]<\/p>\n<h1>Soins infirmiers priv\u00e9s \u00e0 Montr\u00e9al : personnel infirmier membre de l\u2019OIIQ\/OIIAQ<\/h1>\n<p>[\/et_pb_text][et_pb_text _builder_version=&#8221;4.27.4&#8243; _module_preset=&#8221;default&#8221; text_font=&#8221;||||||||&#8221; text_font_size=&#8221;24px&#8221; text_line_height=&#8221;1.6em&#8221; header_font_size=&#8221;52px&#8221; header_2_font=&#8221;&#8211;et_global_heading_font|300|||||||&#8221; header_2_font_size=&#8221;26px&#8221; locked=&#8221;off&#8221; global_colors_info=&#8221;{}&#8221;]<\/p>\n<p>Soins infirmiers priv\u00e9s \u00e0 domicile pour les soins de plaies, les soins postop\u00e9ratoires, les injections, le soutien \u00e0 la m\u00e9dication et les \u00e9valuations \u00e0 domicile \u00e0 Montr\u00e9al, dans l\u2019Ouest-de-l\u2019\u00cele, \u00e0 Laval et \u00e0 Longueuil.<\/p>\n<p>[\/et_pb_text][\/et_pb_column][\/et_pb_row][et_pb_row column_structure=&#8221;3_5,2_5&#8243; make_equal=&#8221;on&#8221; _builder_version=&#8221;4.27.4&#8243; _module_preset=&#8221;default&#8221; width_tablet=&#8221;&#8221; width_phone=&#8221;90%&#8221; width_last_edited=&#8221;on|phone&#8221; custom_padding=&#8221;0px||0px||true|false&#8221; custom_css_main_element=&#8221;align-items:center;&#8221; global_colors_info=&#8221;{}&#8221;][et_pb_column type=&#8221;3_5&#8243; _builder_version=&#8221;4.27.4&#8243; _module_preset=&#8221;default&#8221; global_colors_info=&#8221;{}&#8221;][et_pb_text _builder_version=&#8221;4.27.4&#8243; _module_preset=&#8221;default&#8221; text_font_size=&#8221;20px&#8221; header_text_align=&#8221;left&#8221; background_color=&#8221;#f0f7ff&#8221; custom_margin=&#8221;||20px||false|false&#8221; custom_margin_tablet=&#8221;||10px||false|false&#8221; custom_margin_phone=&#8221;||0px||false|false&#8221; custom_margin_last_edited=&#8221;on|tablet&#8221; custom_padding=&#8221;20px|20px|20px|20px|false|false&#8221; header_text_align_tablet=&#8221;center&#8221; header_text_align_phone=&#8221;center&#8221; header_text_align_last_edited=&#8221;on|tablet&#8221; text_orientation_tablet=&#8221;&#8221; text_orientation_phone=&#8221;left&#8221; text_orientation_last_edited=&#8221;on|phone&#8221; border_radii=&#8221;on|6px|6px|6px|6px&#8221; border_width_all=&#8221;1px&#8221; box_shadow_style=&#8221;preset2&#8243; global_colors_info=&#8221;{}&#8221;]<\/p>\n<p class=\"PDq2pG_selectionAnchorContainer\" data-start=\"0\" data-end=\"421\">A+ Solutions offre des <strong data-start=\"23\" data-end=\"61\">soins infirmiers priv\u00e9s \u00e0 domicile<\/strong> \u00e0 Montr\u00e9al, dans l\u2019Ouest-de-l\u2019\u00cele, \u00e0 Laval et \u00e0 Longueuil. Si vous avez besoin d\u2019une <strong data-start=\"132\" data-end=\"164\">infirmi\u00e8re priv\u00e9e \u00e0 domicile<\/strong>, notre personnel infirmier membre de l\u2019OIIQ ou de l\u2019OIIAQ accompagne les patients pour les soins de plaies, les soins postop\u00e9ratoires, les injections, la gestion des m\u00e9dicaments, les soins palliatifs, les \u00e9valuations \u00e0 domicile et la surveillance clinique.<\/p>\n<p>Vous avez plut\u00f4t besoin d\u2019aide non m\u00e9dicale pour les activit\u00e9s de la vie quotidienne? D\u00e9couvrez nos <a href=\"https:\/\/www.aplushomecare.ca\/fr\/soins-de-sante-a-domicile\/\">services d\u2019aide et de soins \u00e0 domicile.<\/a>[\/et_pb_text][dipi_button_grid flex_direction=&#8221;row&#8221; align_items=&#8221;center&#8221; flex_direction_tablet=&#8221;row&#8221; flex_direction_phone=&#8221;column&#8221; flex_direction_last_edited=&#8221;on|phone&#8221; _builder_version=&#8221;4.27.4&#8243; _module_preset=&#8221;default&#8221; locked=&#8221;off&#8221; global_colors_info=&#8221;{}&#8221;][dipi_button_grid_child button_id=&#8221;Book Now&#8221; button_text=&#8221;R\u00e9servez une consultation gratuite&#8221; button_link=&#8221;#&#8221; module_class=&#8221;open-booking-modal&#8221; _builder_version=&#8221;4.27.4&#8243; _module_preset=&#8221;default&#8221; background_enable_color=&#8221;off&#8221; custom_button=&#8221;on&#8221; button_bg_color=&#8221;#2e93e6&#8243; button_border_color=&#8221;#2e93e6&#8243; button_custom_padding=&#8221;10px|25px|10px|25px|true|true&#8221; border_color_all=&#8221;#2e93e6&#8243; global_colors_info=&#8221;{}&#8221;][\/dipi_button_grid_child][dipi_button_grid_child button_id=&#8221;number &#8221; button_text=&#8221;Appelez le (514) 999-8009&#8243; button_link=&#8221;tel:+5149998009&#8243; _builder_version=&#8221;4.27.4&#8243; _module_preset=&#8221;default&#8221; custom_button=&#8221;on&#8221; button_custom_padding=&#8221;10px|25px|10px|25px|true|true&#8221; custom_margin_tablet=&#8221;&#8221; custom_margin_phone=&#8221;||20px||false|false&#8221; custom_margin_last_edited=&#8221;on|phone&#8221; global_colors_info=&#8221;{}&#8221;][\/dipi_button_grid_child][\/dipi_button_grid][\/et_pb_column][et_pb_column type=&#8221;2_5&#8243; _builder_version=&#8221;4.27.4&#8243; _module_preset=&#8221;default&#8221; global_colors_info=&#8221;{}&#8221;][\/et_pb_column][\/et_pb_row][\/et_pb_section][et_pb_section fb_built=&#8221;1&#8243; module_id=&#8221;booking-modal-overlay&#8221; _builder_version=&#8221;4.27.4&#8243; _module_preset=&#8221;default&#8221; locked=&#8221;off&#8221; global_colors_info=&#8221;{}&#8221;][et_pb_row module_id=&#8221;booking-modal-content&#8221; _builder_version=&#8221;4.27.4&#8243; _module_preset=&#8221;default&#8221; global_colors_info=&#8221;{}&#8221;][et_pb_column type=&#8221;4_4&#8243; _builder_version=&#8221;4.27.4&#8243; _module_preset=&#8221;default&#8221; global_colors_info=&#8221;{}&#8221;][et_pb_text _builder_version=&#8221;4.27.4&#8243; _module_preset=&#8221;default&#8221; header_3_font=&#8221;&#8211;et_global_heading_font|500|||||||&#8221; header_3_font_size=&#8221;42px&#8221; global_colors_info=&#8221;{}&#8221;]<\/p>\n<h3>Contactez-nous<\/h3>\n<p>[\/et_pb_text][et_pb_contact_form captcha=&#8221;off&#8221; email=&#8221;info@aplushomecare.ca&#8221; custom_message=&#8221;New Booking Form Request Received:||et_pb_line_break_holder||||et_pb_line_break_holder||Name: %%Name%%||et_pb_line_break_holder||Email: %%Email%%||et_pb_line_break_holder||Phone Number: %%Phone%%||et_pb_line_break_holder||Message: %%Message%%&#8221; success_message=&#8221;Merci pour votre demande de rendez-vous! Nous l\u2019avons bien re\u00e7ue et un coordonnateur d\u2019A+ Solutions communiquera avec vous sous peu.&#8221; _builder_version=&#8221;4.27.4&#8243; _module_preset=&#8221;default&#8221; _unique_id=&#8221;9a99311f-9fd8-42c0-96bd-a865130a1b20&#8243; title_font=&#8221;|300|||||||&#8221; custom_button=&#8221;on&#8221; button_bg_color=&#8221;#2e93e6&#8243; button_border_color=&#8221;#2e93e6&#8243; border_width_all=&#8221;1px&#8221; global_colors_info=&#8221;{}&#8221;][et_pb_contact_field field_id=&#8221;Name&#8221; field_title=&#8221;Entrez votre nom complet&#8221; _builder_version=&#8221;4.27.4&#8243; global_colors_info=&#8221;{}&#8221; button_text_size__hover_enabled=&#8221;off&#8221; button_one_text_size__hover_enabled=&#8221;off&#8221; button_two_text_size__hover_enabled=&#8221;off&#8221; button_text_color__hover_enabled=&#8221;off&#8221; button_one_text_color__hover_enabled=&#8221;off&#8221; button_two_text_color__hover_enabled=&#8221;off&#8221; button_border_width__hover_enabled=&#8221;off&#8221; button_one_border_width__hover_enabled=&#8221;off&#8221; button_two_border_width__hover_enabled=&#8221;off&#8221; button_border_color__hover_enabled=&#8221;off&#8221; button_one_border_color__hover_enabled=&#8221;off&#8221; button_two_border_color__hover_enabled=&#8221;off&#8221; button_border_radius__hover_enabled=&#8221;off&#8221; button_one_border_radius__hover_enabled=&#8221;off&#8221; button_two_border_radius__hover_enabled=&#8221;off&#8221; button_letter_spacing__hover_enabled=&#8221;off&#8221; button_one_letter_spacing__hover_enabled=&#8221;off&#8221; button_two_letter_spacing__hover_enabled=&#8221;off&#8221; button_bg_color__hover_enabled=&#8221;off&#8221; button_one_bg_color__hover_enabled=&#8221;off&#8221; button_two_bg_color__hover_enabled=&#8221;off&#8221;][\/et_pb_contact_field][et_pb_contact_field field_id=&#8221;Email&#8221; field_title=&#8221;Entrez votre adresse courriel&#8221; field_type=&#8221;email&#8221; _builder_version=&#8221;4.27.4&#8243; global_colors_info=&#8221;{}&#8221; button_text_size__hover_enabled=&#8221;off&#8221; button_one_text_size__hover_enabled=&#8221;off&#8221; button_two_text_size__hover_enabled=&#8221;off&#8221; button_text_color__hover_enabled=&#8221;off&#8221; button_one_text_color__hover_enabled=&#8221;off&#8221; button_two_text_color__hover_enabled=&#8221;off&#8221; button_border_width__hover_enabled=&#8221;off&#8221; button_one_border_width__hover_enabled=&#8221;off&#8221; button_two_border_width__hover_enabled=&#8221;off&#8221; button_border_color__hover_enabled=&#8221;off&#8221; button_one_border_color__hover_enabled=&#8221;off&#8221; button_two_border_color__hover_enabled=&#8221;off&#8221; button_border_radius__hover_enabled=&#8221;off&#8221; button_one_border_radius__hover_enabled=&#8221;off&#8221; button_two_border_radius__hover_enabled=&#8221;off&#8221; button_letter_spacing__hover_enabled=&#8221;off&#8221; button_one_letter_spacing__hover_enabled=&#8221;off&#8221; button_two_letter_spacing__hover_enabled=&#8221;off&#8221; button_bg_color__hover_enabled=&#8221;off&#8221; button_one_bg_color__hover_enabled=&#8221;off&#8221; button_two_bg_color__hover_enabled=&#8221;off&#8221;][\/et_pb_contact_field][et_pb_contact_field field_id=&#8221;Phone&#8221; field_title=&#8221;Entrez votre num\u00e9ro de t\u00e9l\u00e9phone&#8221; fullwidth_field=&#8221;on&#8221; _builder_version=&#8221;4.27.4&#8243; _module_preset=&#8221;default&#8221; global_colors_info=&#8221;{}&#8221;][\/et_pb_contact_field][et_pb_contact_field field_id=&#8221;Message&#8221; field_title=&#8221;D\u00e9crivez ici vos besoins en soins infirmiers ou en soutien m\u00e9dical&#8230;&#8221; field_type=&#8221;text&#8221; fullwidth_field=&#8221;on&#8221; _builder_version=&#8221;4.27.4&#8243; global_colors_info=&#8221;{}&#8221; button_text_size__hover_enabled=&#8221;off&#8221; button_one_text_size__hover_enabled=&#8221;off&#8221; button_two_text_size__hover_enabled=&#8221;off&#8221; button_text_color__hover_enabled=&#8221;off&#8221; button_one_text_color__hover_enabled=&#8221;off&#8221; button_two_text_color__hover_enabled=&#8221;off&#8221; button_border_width__hover_enabled=&#8221;off&#8221; button_one_border_width__hover_enabled=&#8221;off&#8221; button_two_border_width__hover_enabled=&#8221;off&#8221; button_border_color__hover_enabled=&#8221;off&#8221; button_one_border_color__hover_enabled=&#8221;off&#8221; button_two_border_color__hover_enabled=&#8221;off&#8221; button_border_radius__hover_enabled=&#8221;off&#8221; button_one_border_radius__hover_enabled=&#8221;off&#8221; button_two_border_radius__hover_enabled=&#8221;off&#8221; button_letter_spacing__hover_enabled=&#8221;off&#8221; button_one_letter_spacing__hover_enabled=&#8221;off&#8221; button_two_letter_spacing__hover_enabled=&#8221;off&#8221; button_bg_color__hover_enabled=&#8221;off&#8221; button_one_bg_color__hover_enabled=&#8221;off&#8221; button_two_bg_color__hover_enabled=&#8221;off&#8221;][\/et_pb_contact_field][\/et_pb_contact_form][et_pb_text module_class=&#8221;close-booking-modal&#8221; _builder_version=&#8221;4.27.4&#8243; _module_preset=&#8221;default&#8221; global_colors_info=&#8221;{}&#8221;]X[\/et_pb_text][et_pb_code _builder_version=&#8221;4.27.4&#8243; _module_preset=&#8221;default&#8221; global_colors_info=&#8221;{}&#8221;]<\/p>\n<style><!-- [et_pb_line_break_holder] -->\/* Style the background overlay *\/<!-- [et_pb_line_break_holder] -->#booking-modal-overlay {<!-- [et_pb_line_break_holder] -->    display: none; \/* Keeps it hidden by default *\/<!-- [et_pb_line_break_holder] -->    position: fixed;<!-- [et_pb_line_break_holder] -->    z-index: 99999; \/* Forces it to sit on top of everything else *\/<!-- [et_pb_line_break_holder] -->    top: 0;<!-- [et_pb_line_break_holder] -->    left: 0;<!-- [et_pb_line_break_holder] -->    width: 100%;<!-- [et_pb_line_break_holder] -->    height: 100%;<!-- [et_pb_line_break_holder] -->    background: rgba(0, 0, 0, 0.7) !important; \/* Darkens the background *\/<!-- [et_pb_line_break_holder] -->    align-items: center;<!-- [et_pb_line_break_holder] -->    justify-content: center;<!-- [et_pb_line_break_holder] -->}<!-- [et_pb_line_break_holder] --><!-- [et_pb_line_break_holder] -->\/* Style the box containing the form *\/<!-- [et_pb_line_break_holder] -->#booking-modal-content {<!-- [et_pb_line_break_holder] -->    background: #ffffff;<!-- [et_pb_line_break_holder] -->    padding: 30px;<!-- [et_pb_line_break_holder] -->    border-radius: 8px;<!-- [et_pb_line_break_holder] -->    max-width: 600px;<!-- [et_pb_line_break_holder] -->    width: 90%;<!-- [et_pb_line_break_holder] -->    position: relative;<!-- [et_pb_line_break_holder] -->    box-shadow: 0px 5px 15px rgba(0,0,0,0.3);<!-- [et_pb_line_break_holder] -->}<!-- [et_pb_line_break_holder] --><!-- [et_pb_line_break_holder] -->\/* Style the close trigger cursor *\/<!-- [et_pb_line_break_holder] -->.close-booking-modal {<!-- [et_pb_line_break_holder] -->    cursor: pointer;<!-- [et_pb_line_break_holder] -->    float: right;<!-- [et_pb_line_break_holder] -->    font-size: 22px;<!-- [et_pb_line_break_holder] -->    font-weight: bold;<!-- [et_pb_line_break_holder] -->}<!-- [et_pb_line_break_holder] --><\/style>\n<p><!-- [et_pb_line_break_holder] --><!-- [et_pb_line_break_holder] --><!-- [et_pb_line_break_holder] --><!-- [et_pb_line_break_holder] --><!-- [et_pb_line_break_holder] --><!-- [et_pb_line_break_holder] --><script><!-- [et_pb_line_break_holder] -->jQuery(document).ready(function($) {<!-- [et_pb_line_break_holder] -->    \/\/ 1. When the Book button is clicked, reveal the modal<!-- [et_pb_line_break_holder] -->    $('.open-booking-modal a, a.open-booking-modal').on('click', function(e) {<!-- [et_pb_line_break_holder] -->        e.preventDefault();<!-- [et_pb_line_break_holder] -->        $('#booking-modal-overlay').css('display', 'flex');<!-- [et_pb_line_break_holder] -->    });<!-- [et_pb_line_break_holder] --><!-- [et_pb_line_break_holder] -->    \/\/ 2. When the 'X' text is clicked, close the modal<!-- [et_pb_line_break_holder] -->    $('.close-booking-modal').on('click', function() {<!-- [et_pb_line_break_holder] -->        $('#booking-modal-overlay').css('display', 'none');<!-- [et_pb_line_break_holder] -->    });<!-- [et_pb_line_break_holder] --><!-- [et_pb_line_break_holder] -->    \/\/ 3. Optional: Close the modal if they click outside the form box<!-- [et_pb_line_break_holder] -->    $('#booking-modal-overlay').on('click', function(e) {<!-- [et_pb_line_break_holder] -->        if (e.target === this) {<!-- [et_pb_line_break_holder] -->            $('#booking-modal-overlay').css('display', 'none');<!-- [et_pb_line_break_holder] -->        }<!-- [et_pb_line_break_holder] -->    });<!-- [et_pb_line_break_holder] -->});<!-- [et_pb_line_break_holder] --><\/script>[\/et_pb_code][\/et_pb_column][\/et_pb_row][\/et_pb_section][et_pb_section fb_built=&#8221;1&#8243; _builder_version=&#8221;4.27.4&#8243; _module_preset=&#8221;default&#8221; global_colors_info=&#8221;{}&#8221;][et_pb_row _builder_version=&#8221;4.27.4&#8243; _module_preset=&#8221;default&#8221; custom_margin=&#8221;||||false|false&#8221; global_colors_info=&#8221;{}&#8221;][et_pb_column type=&#8221;4_4&#8243; _builder_version=&#8221;4.27.4&#8243; _module_preset=&#8221;default&#8221; global_colors_info=&#8221;{}&#8221;][et_pb_text _builder_version=&#8221;4.27.4&#8243; _module_preset=&#8221;default&#8221; text_font_size=&#8221;20px&#8221; header_2_text_align=&#8221;center&#8221; header_2_text_align_tablet=&#8221;center&#8221; header_2_text_align_phone=&#8221;left&#8221; header_2_text_align_last_edited=&#8221;on|desktop&#8221; global_colors_info=&#8221;{}&#8221;]<\/p>\n<h2>Services de soins infirmiers priv\u00e9s \u00e0 Montr\u00e9al : personnel infirmier membre de l\u2019OIIQ\/OIIAQ<\/h2>\n<p>[\/et_pb_text][\/et_pb_column][\/et_pb_row][et_pb_row column_structure=&#8221;3_5,2_5&#8243; _builder_version=&#8221;4.27.4&#8243; _module_preset=&#8221;default&#8221; custom_margin=&#8221;-50px||||false|false&#8221; global_colors_info=&#8221;{}&#8221;][et_pb_column type=&#8221;3_5&#8243; _builder_version=&#8221;4.27.4&#8243; _module_preset=&#8221;default&#8221; global_colors_info=&#8221;{}&#8221;][et_pb_text _builder_version=&#8221;4.27.4&#8243; _module_preset=&#8221;default&#8221; text_line_height=&#8221;1.7em&#8221; background_enable_color=&#8221;off&#8221; custom_padding=&#8221;20px|2px|20px|20px|false|false&#8221; locked=&#8221;off&#8221; global_colors_info=&#8221;{}&#8221;]<\/p>\n<p>A+ Solutions offre des <strong>soins infirmiers \u00e0 domicile \u00e0 Montr\u00e9al<\/strong> ainsi que des services de soins infirmiers priv\u00e9s \u00e0 Laval, dans l\u2019Ouest-de-l\u2019\u00cele et \u00e0 Longueuil, assur\u00e9s par du personnel infirmier membre de <strong>l\u2019OIIQ<\/strong> ou de <strong>l\u2019OIIAQ<\/strong>. Notre personnel infirmier accompagne les patients \u00e0 domicile pour les soins postop\u00e9ratoires, les soins de plaies, la gestion des m\u00e9dicaments, les injections, les tests m\u00e9dicaux \u00e0 domicile, les soins palliatifs, le suivi des maladies chroniques, les soins de cath\u00e9ter et de stomie ainsi que les \u00e9valuations de sant\u00e9 \u00e0 domicile.<\/p>\n<p>Que vous ayez besoin d\u2019une <strong>visite ponctuelle d\u2019une infirmi\u00e8re priv\u00e9e \u00e0 domicile<\/strong> ou de <strong>soins infirmiers continus \u00e0 domicile<\/strong>, notre \u00e9quipe coordonne des soins m\u00e9dicaux s\u00e9curitaires et professionnels adapt\u00e9s \u00e0 vos besoins, aux directives de votre m\u00e9decin et \u00e0 votre plan de soins.<\/p>\n<p>[\/et_pb_text][\/et_pb_column][et_pb_column type=&#8221;2_5&#8243; _builder_version=&#8221;4.27.4&#8243; _module_preset=&#8221;default&#8221; global_colors_info=&#8221;{}&#8221;][et_pb_text _builder_version=&#8221;4.27.4&#8243; _module_preset=&#8221;default&#8221; text_font_size=&#8221;16px&#8221; text_line_height=&#8221;1.6em&#8221; header_3_font_size=&#8221;20px&#8221; background_color=&#8221;#cceeff&#8221; custom_padding=&#8221;30px|30px|30px|30px|false|false&#8221; border_radii=&#8221;on|8px|8px|8px|8px&#8221; border_width_all=&#8221;1px&#8221; box_shadow_style=&#8221;preset2&#8243; locked=&#8221;off&#8221; global_colors_info=&#8221;{}&#8221;]<\/p>\n<h3 style=\"text-align: center;\">Ce que comprennent les soins infirmiers priv\u00e9s<\/h3>\n<ul>\n<li>Suivi de la r\u00e9cup\u00e9ration postop\u00e9ratoire<\/li>\n<li>Changement de pansements et \u00e9valuation de l\u2019\u00e9tat de la peau<\/li>\n<li>Injections et soutien \u00e0 la prise de m\u00e9dicaments prescrits<\/li>\n<li>Prises de sang \u00e0 domicile et collecte de pr\u00e9l\u00e8vements<\/li>\n<li>Soins infirmiers palliatifs et de fin de vie<\/li>\n<li>Soutien aux personnes atteintes de maladies chroniques<\/li>\n<\/ul>\n<p>[\/et_pb_text][\/et_pb_column][\/et_pb_row][et_pb_row column_structure=&#8221;1_2,1_2&#8243; _builder_version=&#8221;4.27.4&#8243; _module_preset=&#8221;default&#8221; background_color=&#8221;#c7d8f9&#8243; custom_padding=&#8221;30px|20px|20px|20px|false|false&#8221; locked=&#8221;off&#8221; global_colors_info=&#8221;{}&#8221;][et_pb_column type=&#8221;1_2&#8243; _builder_version=&#8221;4.27.4&#8243; _module_preset=&#8221;default&#8221; global_colors_info=&#8221;{}&#8221;][et_pb_blurb title=&#8221;R\u00e9cup\u00e9ration postop\u00e9ratoire et soins infirmiers&#8221; use_icon=&#8221;on&#8221; font_icon=&#8221;&#xf7f2;||fa||900&#8243; image_icon_width=&#8221;60px&#8221; _builder_version=&#8221;4.27.4&#8243; _module_preset=&#8221;default&#8221; header_level=&#8221;h3&#8243; header_font=&#8221;|300|||||||&#8221; header_text_align=&#8221;center&#8221; header_font_size=&#8221;24px&#8221; background_color=&#8221;#f0f7ff&#8221; custom_padding=&#8221;20px|20px|20px|20px|false|false&#8221; border_radii=&#8221;on|8px|8px|8px|8px&#8221; border_width_all=&#8221;1px&#8221; box_shadow_style=&#8221;preset1&#8243; locked=&#8221;off&#8221; global_colors_info=&#8221;{}&#8221;]<\/p>\n<p>&nbsp;<\/p>\n<ul>\n<li><strong>R\u00e9cup\u00e9ration postop\u00e9ratoire :<\/strong> Surveillance des signes vitaux, soutien \u00e0 la gestion de la douleur et \u00e9valuation du site chirurgical afin de d\u00e9tecter tout signe de complication.<\/li>\n<li><strong>Soins \u00e0 la m\u00e8re et au nouveau-n\u00e9 :<\/strong> Soutien sp\u00e9cialis\u00e9 apr\u00e8s l\u2019accouchement, notamment aide \u00e0 l\u2019allaitement, suivi du poids du nourrisson et \u00e9valuations de sant\u00e9.<\/li>\n<li><strong>Soins pour les personnes atteintes d\u2019Alzheimer ou de d\u00e9mence :<\/strong> Soutien clinique ax\u00e9 sur la s\u00e9curit\u00e9 du patient, le respect de la m\u00e9dication et la prise en charge des d\u00e9fis cognitifs li\u00e9s aux troubles de la m\u00e9moire \u00e0 domicile.<\/li>\n<\/ul>\n<p>[\/et_pb_blurb][\/et_pb_column][et_pb_column type=&#8221;1_2&#8243; _builder_version=&#8221;4.27.4&#8243; _module_preset=&#8221;default&#8221; global_colors_info=&#8221;{}&#8221;][et_pb_blurb title=&#8221;Soins de plaies, injections et tests m\u00e9dicaux&#8221; use_icon=&#8221;on&#8221; font_icon=&#8221;&#xe05c;||fa||900&#8243; image_icon_width=&#8221;60px&#8221; _builder_version=&#8221;4.27.4&#8243; _module_preset=&#8221;default&#8221; header_level=&#8221;h3&#8243; header_font=&#8221;|300|||||||&#8221; header_text_align=&#8221;center&#8221; header_font_size=&#8221;24px&#8221; background_color=&#8221;#f0f7ff&#8221; custom_padding=&#8221;20px|20px|20px|20px|false|false&#8221; border_radii=&#8221;on|8px|8px|8px|8px&#8221; border_width_all=&#8221;1px&#8221; box_shadow_style=&#8221;preset1&#8243; global_colors_info=&#8221;{}&#8221;]<\/p>\n<p>&nbsp;<\/p>\n<ul>\n<li><strong>Soins professionnels des plaies<\/strong> : Nettoyage, changement de pansements et \u00e9valuation des plaies, notamment les incisions chirurgicales, les plaies de pression et les ulc\u00e8res chroniques, afin de favoriser une bonne cicatrisation.<\/li>\n<li><strong>Tests m\u00e9dicaux \u00e0 domicile :<\/strong> \u00c9vitez les d\u00e9placements et l\u2019attente en clinique gr\u00e2ce \u00e0 nos <a href=\"https:\/\/www.aplushomecare.ca\/fr\/prise-de-sang-a-domicile\/\">prises de sang \u00e0 domicile<\/a>, tests de d\u00e9pistage du streptocoque et autres pr\u00e9l\u00e8vements.<\/li>\n<li><strong>Injections et vaccination :<\/strong> Administration s\u00e9curitaire de m\u00e9dicaments prescrits, notamment la vitamine B12, certains vaccins ainsi que des injections sous-cutan\u00e9es ou intramusculaires sp\u00e9cialis\u00e9es.<\/li>\n<\/ul>\n<p>[\/et_pb_blurb][\/et_pb_column][\/et_pb_row][et_pb_row column_structure=&#8221;1_2,1_2&#8243; _builder_version=&#8221;4.27.4&#8243; _module_preset=&#8221;default&#8221; background_color=&#8221;#c7d8f9&#8243; custom_padding=&#8221;20px|20px|30px|20px|false|false&#8221; global_colors_info=&#8221;{}&#8221;][et_pb_column type=&#8221;1_2&#8243; _builder_version=&#8221;4.27.4&#8243; _module_preset=&#8221;default&#8221; global_colors_info=&#8221;{}&#8221;][et_pb_blurb title=&#8221;Coordination des soins infirmiers et suivi des maladies chroniques&#8221; use_icon=&#8221;on&#8221; font_icon=&#8221;&#xf7f2;||fa||900&#8243; image_icon_width=&#8221;60px&#8221; _builder_version=&#8221;4.27.4&#8243; _module_preset=&#8221;default&#8221; header_level=&#8221;h3&#8243; header_font=&#8221;|300|||||||&#8221; header_text_align=&#8221;center&#8221; header_font_size=&#8221;24px&#8221; background_color=&#8221;#f0f7ff&#8221; custom_padding=&#8221;20px|20px|20px|20px|false|false&#8221; border_radii=&#8221;on|8px|8px|8px|8px&#8221; border_width_all=&#8221;1px&#8221; box_shadow_style=&#8221;preset1&#8243; locked=&#8221;off&#8221; global_colors_info=&#8221;{}&#8221;]<\/p>\n<p>&nbsp;<\/p>\n<ul>\n<li><strong>Gestion personnalis\u00e9e des soins m\u00e9dicaux :<\/strong> Nous assurons la liaison entre le patient, les m\u00e9decins et les sp\u00e9cialistes afin de coordonner les soins, d\u2019adapter le plan de soins au besoin et de favoriser une prise en charge continue et bien organis\u00e9e.<\/li>\n<li><strong>Soins palliatifs et de fin de vie :<\/strong> Des soins de confort empreints de compassion et ax\u00e9s sur la dignit\u00e9, comprenant le soutien \u00e0 la gestion de la douleur et des besoins respiratoires, pour les patients qui souhaitent demeurer \u00e0 domicile.<\/li>\n<li><strong>Suivi des maladies chroniques :<\/strong> Surveillance professionnelle des maladies de longue dur\u00e9e, comme le diab\u00e8te ou l\u2019insuffisance cardiaque, afin de favoriser la stabilit\u00e9 de l\u2019\u00e9tat de sant\u00e9 et de d\u00e9tecter rapidement tout changement pr\u00e9occupant.<\/li>\n<\/ul>\n<p>[\/et_pb_blurb][\/et_pb_column][et_pb_column type=&#8221;1_2&#8243; _builder_version=&#8221;4.27.4&#8243; _module_preset=&#8221;default&#8221; global_colors_info=&#8221;{}&#8221;][et_pb_blurb title=&#8221;Gestion des m\u00e9dicaments, soins de cath\u00e9ter et de stomie, et \u00e9valuations de sant\u00e9&#8221; use_icon=&#8221;on&#8221; font_icon=&#8221;&#xe05c;||fa||900&#8243; image_icon_width=&#8221;60px&#8221; _builder_version=&#8221;4.27.4&#8243; _module_preset=&#8221;default&#8221; header_level=&#8221;h3&#8243; header_font=&#8221;|300|||||||&#8221; header_text_align=&#8221;center&#8221; header_font_size=&#8221;24px&#8221; background_color=&#8221;#f0f7ff&#8221; custom_padding=&#8221;20px|20px|20px|20px|false|false&#8221; border_radii=&#8221;on|8px|8px|8px|8px&#8221; border_width_all=&#8221;1px&#8221; box_shadow_style=&#8221;preset1&#8243; global_colors_info=&#8221;{}&#8221;]<\/p>\n<p>&nbsp;<\/p>\n<ul>\n<li><strong>Gestion des m\u00e9dicaments :<\/strong> Organisation professionnelle des r\u00e9gimes m\u00e9dicamenteux complexes, aide \u00e0 la prise des m\u00e9dicaments et administration de traitements prescrits, notamment l\u2019insuline ou certains traitements intraveineux.<\/li>\n<li><strong>\u00c9valuations de sant\u00e9 :<\/strong> \u00c9valuations cliniques confidentielles \u00e0 domicile pour surveiller l\u2019efficacit\u00e9 de nouveaux traitements ou effectuer des \u00e9valuations physiques requises dans le cadre d\u2019un suivi m\u00e9dical ou de certaines d\u00e9marches d\u2019assurance.<\/li>\n<li><strong>Soins de cath\u00e9ter et de stomie :<\/strong> Soins sp\u00e9cialis\u00e9s, entretien et enseignement destin\u00e9s aux patients vivant avec un cath\u00e9ter ou une stomie, afin de favoriser une bonne hygi\u00e8ne et de r\u00e9duire le risque d\u2019infection.<\/li>\n<\/ul>\n<p>[\/et_pb_blurb][\/et_pb_column][\/et_pb_row][et_pb_row _builder_version=&#8221;4.27.4&#8243; _module_preset=&#8221;default&#8221; global_colors_info=&#8221;{}&#8221;][et_pb_column type=&#8221;4_4&#8243; _builder_version=&#8221;4.27.4&#8243; _module_preset=&#8221;default&#8221; global_colors_info=&#8221;{}&#8221;][et_pb_text _builder_version=&#8221;4.27.4&#8243; _module_preset=&#8221;default&#8221; header_2_text_align=&#8221;center&#8221; header_3_font_size=&#8221;32px&#8221; background_color=&#8221;#e3f2fd&#8221; custom_padding=&#8221;20px|20px|20px|20px|false|false&#8221; header_2_text_align_tablet=&#8221;center&#8221; header_2_text_align_phone=&#8221;left&#8221; header_2_text_align_last_edited=&#8221;on|phone&#8221; global_colors_info=&#8221;{}&#8221;]<\/p>\n<h3 style=\"text-align: center;\">Soins infirmiers priv\u00e9s, CLSC ou clinique\/h\u00f4pital : quelle option choisir ?<\/h3>\n<p>Le choix entre des <strong>soins infirmiers priv\u00e9s<\/strong>, les services d\u2019un <strong>CLSC<\/strong> et des soins en <strong>clinique ou \u00e0 l\u2019h\u00f4pital<\/strong> d\u00e9pend de l\u2019urgence de la situation, du type de soins m\u00e9dicaux requis et de la possibilit\u00e9 de prendre en charge le patient de fa\u00e7on s\u00e9curitaire \u00e0 domicile. Le tableau ci-dessous compare les principales options de soins offertes aux familles de <strong>Montr\u00e9al, de l\u2019Ouest-de-l\u2019\u00cele, de Laval et de Longueuil<\/strong>.[\/et_pb_text][et_pb_text _builder_version=&#8221;4.27.4&#8243; _module_preset=&#8221;default&#8221; background_color=&#8221;#c7d8f9&#8243; locked=&#8221;off&#8221; global_colors_info=&#8221;{}&#8221;]<\/p>\n<p>&nbsp;<\/p>\n<table>\n<thead>\n<tr>\n<th style=\"width: 114px; text-align: center;\">Option de soins<\/th>\n<th style=\"width: 253px; text-align: center;\">Id\u00e9al pour<\/th>\n<th style=\"width: 153px; text-align: center;\">Continuit\u00e9 des soins<\/th>\n<th style=\"width: 178px; text-align: center;\">Points \u00e0 consid\u00e9rer<\/th>\n<\/tr>\n<\/thead>\n<tbody>\n<tr>\n<td style=\"width: 114px;\"><b>Soins infirmiers priv\u00e9s<\/b><\/td>\n<td style=\"width: 253px;\">Soins infirmiers priv\u00e9s planifi\u00e9s \u00e0 domicile, notamment les soins de plaies, les soins postop\u00e9ratoires, les injections, le soutien \u00e0 la m\u00e9dication, les soins palliatifs et la surveillance clinique.<\/td>\n<td style=\"width: 153px;\">Meilleure continuit\u00e9 des soins lorsque des visites r\u00e9guli\u00e8res sont planifi\u00e9es<\/td>\n<td style=\"width: 178px;\">Service priv\u00e9 payant; des re\u00e7us pour assurance peuvent \u00eatre fournis lorsque les frais sont admissibles.<\/td>\n<\/tr>\n<tr>\n<td style=\"width: 114px;\"><strong>CLSC<\/strong><\/td>\n<td style=\"width: 253px;\">Services publics de soins \u00e0 domicile, soutien en sant\u00e9 communautaire et orientation vers les ressources du syst\u00e8me de sant\u00e9 qu\u00e9b\u00e9cois<\/td>\n<td style=\"width: 153px;\">Peut varier selon l\u2019affectation du personnel et les disponibilit\u00e9s<\/td>\n<td style=\"width: 178px;\">Co\u00fbt direct moins \u00e9lev\u00e9, mais les d\u00e9lais d\u2019attente et la fr\u00e9quence des services peuvent varier.<\/td>\n<\/tr>\n<tr>\n<td style=\"width: 114px;\"><strong>Clinique \/ H\u00f4pital<\/strong><\/td>\n<td style=\"width: 253px;\">Probl\u00e8mes urgents, examens diagnostiques, soins sp\u00e9cialis\u00e9s, sympt\u00f4mes n\u00e9cessitant des soins d\u2019urgence et interventions n\u00e9cessitant de l\u2019\u00e9quipement hospitalier<\/td>\n<td style=\"width: 153px;\">Peut varier selon le professionnel, le service et les modalit\u00e9s de suivi<\/td>\n<td style=\"width: 178px;\">Meilleure option en cas d\u2019urgence ou de besoins m\u00e9dicaux complexes qui ne peuvent pas \u00eatre pris en charge de fa\u00e7on s\u00e9curitaire \u00e0 domicile.<\/td>\n<\/tr>\n<\/tbody>\n<\/table>\n<p>[\/et_pb_text][\/et_pb_column][\/et_pb_row][\/et_pb_section][et_pb_section fb_built=&#8221;1&#8243; _builder_version=&#8221;4.27.4&#8243; _module_preset=&#8221;default&#8221; use_background_color_gradient=&#8221;on&#8221; background_color_gradient_stops=&#8221;rgba(0,0,0,0.68) 0%|rgba(0,0,0,0.5) 100%&#8221; background_color_gradient_overlays_image=&#8221;on&#8221; background_image=&#8221;https:\/\/www.aplushomecare.ca\/wp-content\/uploads\/2026\/06\/post-hospital-recovery-care-private-nursing-montreal.webp&#8221; locked=&#8221;off&#8221; global_colors_info=&#8221;{}&#8221;][et_pb_row _builder_version=&#8221;4.27.4&#8243; _module_preset=&#8221;default&#8221; custom_margin=&#8221;||||false|false&#8221; global_colors_info=&#8221;{}&#8221;][et_pb_column type=&#8221;4_4&#8243; _builder_version=&#8221;4.27.4&#8243; _module_preset=&#8221;default&#8221; global_colors_info=&#8221;{}&#8221;][et_pb_text _builder_version=&#8221;4.27.4&#8243; _module_preset=&#8221;default&#8221; text_text_color=&#8221;#FFFFFF&#8221; text_font_size=&#8221;20px&#8221; header_2_text_align=&#8221;center&#8221; header_2_text_color=&#8221;#FFFFFF&#8221; custom_margin=&#8221;110px||||false|false&#8221; custom_margin_tablet=&#8221;0px||||false|false&#8221; custom_margin_phone=&#8221;0px||||false|false&#8221; custom_margin_last_edited=&#8221;on|tablet&#8221; header_2_text_align_tablet=&#8221;center&#8221; header_2_text_align_phone=&#8221;left&#8221; header_2_text_align_last_edited=&#8221;on|desktop&#8221; locked=&#8221;off&#8221; global_colors_info=&#8221;{}&#8221;]<\/p>\n<h2>Pourquoi choisir les infirmi\u00e8res priv\u00e9es d\u2019A+ Solutions \u00e0 Montr\u00e9al ?<\/h2>\n<p>[\/et_pb_text][et_pb_text _builder_version=&#8221;4.27.4&#8243; _module_preset=&#8221;default&#8221; text_text_color=&#8221;#333333&#8243; text_font_size=&#8221;20px&#8221; header_2_text_color=&#8221;#FFFFFF&#8221; background_color=&#8221;#f0f7ff&#8221; custom_margin=&#8221;110px||||false|false&#8221; custom_margin_tablet=&#8221;0px||||false|false&#8221; custom_margin_phone=&#8221;0px||||false|false&#8221; custom_margin_last_edited=&#8221;on|tablet&#8221; custom_padding=&#8221;20px|20px|20px|20px|false|false&#8221; locked=&#8221;off&#8221; global_colors_info=&#8221;{}&#8221;]<\/p>\n<p>Les <strong>soins infirmiers priv\u00e9s \u00e0 Montr\u00e9al<\/strong> permettent aux patients d\u2019acc\u00e9der plus rapidement \u00e0 des soins infirmiers professionnels \u00e0 domicile pour des besoins non urgents, notamment les soins de plaies, les injections, le soutien \u00e0 la m\u00e9dication, la r\u00e9cup\u00e9ration postop\u00e9ratoire et la surveillance clinique.<\/p>\n<p>[\/et_pb_text][\/et_pb_column][\/et_pb_row][et_pb_row column_structure=&#8221;1_3,1_3,1_3&#8243; use_custom_gutter=&#8221;on&#8221; gutter_width=&#8221;2&#8243; make_equal=&#8221;on&#8221; _builder_version=&#8221;4.27.4&#8243; _module_preset=&#8221;default&#8221; custom_padding=&#8221;10px||10px||true|false&#8221; locked=&#8221;off&#8221; global_colors_info=&#8221;{}&#8221;][et_pb_column type=&#8221;1_3&#8243; _builder_version=&#8221;4.27.4&#8243; _module_preset=&#8221;default&#8221; background_color=&#8221;gcid-4b76a5c8-6db2-45fe-82ae-f6737a086e6a&#8221; custom_padding=&#8221;30px|30px|30px|30px|true|true&#8221; custom_padding_tablet=&#8221;30px|30px|30px|30px|true|true&#8221; custom_padding_phone=&#8221;10px|10px|10px|10px|true|true&#8221; custom_padding_last_edited=&#8221;on|phone&#8221; border_radii=&#8221;on|15px|15px|15px|15px&#8221; global_colors_info=&#8221;{%22gcid-4b76a5c8-6db2-45fe-82ae-f6737a086e6a%22:%91%22background_color%22,%22background_color%22,%22background_color%22%93}&#8221;][et_pb_text _builder_version=&#8221;4.27.4&#8243; _module_preset=&#8221;default&#8221; header_3_font=&#8221;&#8211;et_global_body_font|300|||||||&#8221; header_3_text_align=&#8221;center&#8221; header_3_font_size=&#8221;24px&#8221; header_4_text_align=&#8221;center&#8221; custom_margin_tablet=&#8221;||10px||false|false&#8221; custom_margin_phone=&#8221;||10px||false|false&#8221; custom_margin_last_edited=&#8221;on|phone&#8221; locked=&#8221;off&#8221; global_colors_info=&#8221;{}&#8221;]<\/p>\n<h3>Soins \u00e0 domicile, en r\u00e9sidence ou au bureau<\/h3>\n<p>[\/et_pb_text][et_pb_divider divider_weight=&#8221;3px&#8221; _builder_version=&#8221;4.27.4&#8243; _module_preset=&#8221;default&#8221; width=&#8221;20%&#8221; module_alignment=&#8221;center&#8221; height=&#8221;5px&#8221; custom_margin=&#8221;||15px||false|false&#8221; module_alignment_tablet=&#8221;center&#8221; module_alignment_phone=&#8221;center&#8221; module_alignment_last_edited=&#8221;on|tablet&#8221; locked=&#8221;off&#8221; global_colors_info=&#8221;{}&#8221;][\/et_pb_divider][et_pb_text _builder_version=&#8221;4.27.4&#8243; _module_preset=&#8221;default&#8221; locked=&#8221;off&#8221; global_colors_info=&#8221;{}&#8221;]Ce service r\u00e9duit les contraintes li\u00e9es aux d\u00e9placements et facilite l\u2019acc\u00e8s aux soins infirmiers pour les patients ayant des difficult\u00e9s de mobilit\u00e9, de transport ou d\u2019horaire.[\/et_pb_text][\/et_pb_column][et_pb_column type=&#8221;1_3&#8243; _builder_version=&#8221;4.27.4&#8243; _module_preset=&#8221;default&#8221; background_color=&#8221;gcid-4b76a5c8-6db2-45fe-82ae-f6737a086e6a&#8221; custom_padding=&#8221;30px|30px|30px|30px|true|true&#8221; custom_padding_tablet=&#8221;30px|30px|30px|30px|true|true&#8221; custom_padding_phone=&#8221;10px|10px|10px|10px|true|true&#8221; custom_padding_last_edited=&#8221;on|phone&#8221; border_radii=&#8221;on|15px|15px|15px|15px&#8221; global_colors_info=&#8221;{%22gcid-4b76a5c8-6db2-45fe-82ae-f6737a086e6a%22:%91%22background_color%22,%22background_color%22,%22background_color%22%93}&#8221;][et_pb_text _builder_version=&#8221;4.27.4&#8243; _module_preset=&#8221;default&#8221; header_3_font=&#8221;&#8211;et_global_body_font|300|||||||&#8221; header_3_text_align=&#8221;center&#8221; header_3_font_size=&#8221;24px&#8221; header_4_text_align=&#8221;center&#8221; custom_margin_tablet=&#8221;||10px||false|false&#8221; custom_margin_phone=&#8221;||10px||false|false&#8221; custom_margin_last_edited=&#8221;on|phone&#8221; global_colors_info=&#8221;{}&#8221;]<\/p>\n<h3>Horaires flexibles pour les soins infirmiers \u00e0 domicile \u00e0 Montr\u00e9al<\/h3>\n<p>[\/et_pb_text][et_pb_divider divider_weight=&#8221;3px&#8221; _builder_version=&#8221;4.27.4&#8243; _module_preset=&#8221;default&#8221; width=&#8221;20%&#8221; module_alignment=&#8221;center&#8221; height=&#8221;5px&#8221; custom_margin=&#8221;||15px||false|false&#8221; module_alignment_tablet=&#8221;center&#8221; module_alignment_phone=&#8221;center&#8221; module_alignment_last_edited=&#8221;on|tablet&#8221; locked=&#8221;off&#8221; global_colors_info=&#8221;{}&#8221;][\/et_pb_divider][et_pb_text _builder_version=&#8221;4.27.4&#8243; _module_preset=&#8221;default&#8221; global_colors_info=&#8221;{}&#8221;]Cette flexibilit\u00e9 peut \u00eatre particuli\u00e8rement utile apr\u00e8s un cong\u00e9 de l\u2019h\u00f4pital, pendant une p\u00e9riode de convalescence ou lorsque des probl\u00e8mes de mobilit\u00e9 rendent les d\u00e9placements en clinique difficiles.[\/et_pb_text][\/et_pb_column][et_pb_column type=&#8221;1_3&#8243; _builder_version=&#8221;4.27.4&#8243; _module_preset=&#8221;default&#8221; background_color=&#8221;gcid-4b76a5c8-6db2-45fe-82ae-f6737a086e6a&#8221; custom_padding=&#8221;30px|30px|30px|30px|true|true&#8221; custom_padding_tablet=&#8221;30px|30px|30px|30px|true|true&#8221; custom_padding_phone=&#8221;10px|10px|10px|10px|true|true&#8221; custom_padding_last_edited=&#8221;on|phone&#8221; border_radii=&#8221;on|15px|15px|15px|15px&#8221; global_colors_info=&#8221;{%22gcid-4b76a5c8-6db2-45fe-82ae-f6737a086e6a%22:%91%22background_color%22,%22background_color%22,%22background_color%22%93}&#8221;][et_pb_text _builder_version=&#8221;4.27.4&#8243; _module_preset=&#8221;default&#8221; header_3_font=&#8221;&#8211;et_global_body_font|300|||||||&#8221; header_3_text_align=&#8221;center&#8221; header_3_font_size=&#8221;24px&#8221; header_4_text_align=&#8221;center&#8221; custom_margin_tablet=&#8221;||10px||false|false&#8221; custom_margin_phone=&#8221;||10px||false|false&#8221; custom_margin_last_edited=&#8221;on|tablet&#8221; locked=&#8221;off&#8221; global_colors_info=&#8221;{}&#8221;]<\/p>\n<h3>Soins infirmiers personnalis\u00e9s et individuels<\/h3>\n<p>[\/et_pb_text][et_pb_divider divider_weight=&#8221;3px&#8221; _builder_version=&#8221;4.27.4&#8243; _module_preset=&#8221;default&#8221; width=&#8221;20%&#8221; module_alignment=&#8221;center&#8221; height=&#8221;5px&#8221; custom_margin=&#8221;||15px||false|false&#8221; module_alignment_tablet=&#8221;center&#8221; module_alignment_phone=&#8221;center&#8221; module_alignment_last_edited=&#8221;on|tablet&#8221; locked=&#8221;off&#8221; global_colors_info=&#8221;{}&#8221;][\/et_pb_divider][et_pb_text _builder_version=&#8221;4.27.4&#8243; _module_preset=&#8221;default&#8221; global_colors_info=&#8221;{}&#8221;]Cette approche permet d\u2019assurer un suivi plus personnalis\u00e9 et de faciliter la communication avec le patient, sa famille et les autres professionnels impliqu\u00e9s dans ses soins.[\/et_pb_text][\/et_pb_column][\/et_pb_row][et_pb_row column_structure=&#8221;1_3,1_3,1_3&#8243; use_custom_gutter=&#8221;on&#8221; gutter_width=&#8221;2&#8243; make_equal=&#8221;on&#8221; _builder_version=&#8221;4.27.4&#8243; _module_preset=&#8221;default&#8221; custom_padding=&#8221;10px||10px||true|false&#8221; locked=&#8221;off&#8221; global_colors_info=&#8221;{}&#8221;][et_pb_column type=&#8221;1_3&#8243; _builder_version=&#8221;4.27.4&#8243; _module_preset=&#8221;default&#8221; background_color=&#8221;gcid-4b76a5c8-6db2-45fe-82ae-f6737a086e6a&#8221; custom_padding=&#8221;30px|30px|30px|30px|true|true&#8221; custom_padding_tablet=&#8221;30px|30px|30px|30px|true|true&#8221; custom_padding_phone=&#8221;10px|10px|10px|10px|true|true&#8221; custom_padding_last_edited=&#8221;on|phone&#8221; border_radii=&#8221;on|15px|15px|15px|15px&#8221; global_colors_info=&#8221;{%22gcid-4b76a5c8-6db2-45fe-82ae-f6737a086e6a%22:%91%22background_color%22%93}&#8221;][et_pb_text _builder_version=&#8221;4.27.4&#8243; _module_preset=&#8221;default&#8221; header_3_font=&#8221;&#8211;et_global_body_font|300|||||||&#8221; header_3_text_align=&#8221;center&#8221; header_3_font_size=&#8221;24px&#8221; header_4_text_align=&#8221;center&#8221; custom_margin_tablet=&#8221;||10px||false|false&#8221; custom_margin_phone=&#8221;||10px||false|false&#8221; custom_margin_last_edited=&#8221;on|phone&#8221; global_colors_info=&#8221;{}&#8221;]<\/p>\n<h3>Confidentialit\u00e9 et discr\u00e9tion<\/h3>\n<p>[\/et_pb_text][et_pb_divider divider_weight=&#8221;3px&#8221; _builder_version=&#8221;4.27.4&#8243; _module_preset=&#8221;default&#8221; width=&#8221;20%&#8221; module_alignment=&#8221;center&#8221; height=&#8221;5px&#8221; custom_margin=&#8221;||15px||false|false&#8221; module_alignment_tablet=&#8221;center&#8221; module_alignment_phone=&#8221;center&#8221; module_alignment_last_edited=&#8221;on|tablet&#8221; locked=&#8221;off&#8221; global_colors_info=&#8221;{}&#8221;][\/et_pb_divider][et_pb_text _builder_version=&#8221;4.27.4&#8243; _module_preset=&#8221;default&#8221; global_colors_info=&#8221;{}&#8221;]Les soins infirmiers \u00e0 domicile offrent un environnement plus priv\u00e9 pour r\u00e9pondre \u00e0 certains besoins de sant\u00e9 d\u00e9licats, A+ Solutions traite les renseignements des patients avec discr\u00e9tion et dans le respect de leur confidentialit\u00e9.[\/et_pb_text][\/et_pb_column][et_pb_column type=&#8221;1_3&#8243; _builder_version=&#8221;4.27.4&#8243; _module_preset=&#8221;default&#8221; background_color=&#8221;gcid-4b76a5c8-6db2-45fe-82ae-f6737a086e6a&#8221; custom_padding=&#8221;30px|30px|30px|30px|true|true&#8221; custom_padding_tablet=&#8221;30px|30px|30px|30px|true|true&#8221; custom_padding_phone=&#8221;10px|10px|10px|10px|true|true&#8221; custom_padding_last_edited=&#8221;on|phone&#8221; border_radii=&#8221;on|15px|15px|15px|15px&#8221; global_colors_info=&#8221;{%22gcid-4b76a5c8-6db2-45fe-82ae-f6737a086e6a%22:%91%22background_color%22,%22background_color%22,%22background_color%22%93}&#8221;][et_pb_text _builder_version=&#8221;4.27.4&#8243; _module_preset=&#8221;default&#8221; header_3_font=&#8221;&#8211;et_global_body_font|300|||||||&#8221; header_3_text_align=&#8221;center&#8221; header_3_font_size=&#8221;24px&#8221; header_4_text_align=&#8221;center&#8221; custom_margin_tablet=&#8221;||10px||false|false&#8221; custom_margin_phone=&#8221;||10px||false|false&#8221; custom_margin_last_edited=&#8221;on|phone&#8221; global_colors_info=&#8221;{}&#8221;]<\/p>\n<h3>Moins de d\u00e9placements et d\u2019attente en clinique<\/h3>\n<p>[\/et_pb_text][et_pb_divider divider_weight=&#8221;3px&#8221; _builder_version=&#8221;4.27.4&#8243; _module_preset=&#8221;default&#8221; width=&#8221;20%&#8221; module_alignment=&#8221;center&#8221; height=&#8221;5px&#8221; custom_margin=&#8221;||15px||false|false&#8221; module_alignment_tablet=&#8221;center&#8221; module_alignment_phone=&#8221;center&#8221; module_alignment_last_edited=&#8221;on|tablet&#8221; locked=&#8221;off&#8221; global_colors_info=&#8221;{}&#8221;][\/et_pb_divider][et_pb_text _builder_version=&#8221;4.27.4&#8243; _module_preset=&#8221;default&#8221; global_colors_info=&#8221;{}&#8221;]Cette option peut \u00eatre particuli\u00e8rement utile pour les soins de plaies, les injections, les prises de sang, la gestion des m\u00e9dicaments et le suivi r\u00e9gulier de l\u2019\u00e9tat de sant\u00e9.[\/et_pb_text][\/et_pb_column][et_pb_column type=&#8221;1_3&#8243; _builder_version=&#8221;4.27.4&#8243; _module_preset=&#8221;default&#8221; background_color=&#8221;gcid-4b76a5c8-6db2-45fe-82ae-f6737a086e6a&#8221; custom_padding=&#8221;30px|30px|30px|30px|true|true&#8221; custom_padding_tablet=&#8221;30px|30px|30px|30px|true|true&#8221; custom_padding_phone=&#8221;10px|10px|10px|10px|true|true&#8221; custom_padding_last_edited=&#8221;on|phone&#8221; border_radii=&#8221;on|15px|15px|15px|15px&#8221; global_colors_info=&#8221;{%22gcid-4b76a5c8-6db2-45fe-82ae-f6737a086e6a%22:%91%22background_color%22,%22background_color%22,%22background_color%22%93}&#8221;][et_pb_text _builder_version=&#8221;4.27.4&#8243; _module_preset=&#8221;default&#8221; header_3_font=&#8221;&#8211;et_global_body_font|300|||||||&#8221; header_3_text_align=&#8221;center&#8221; header_3_font_size=&#8221;24px&#8221; header_4_text_align=&#8221;center&#8221; custom_margin_tablet=&#8221;||10px||false|false&#8221; custom_margin_phone=&#8221;||10px||false|false&#8221; custom_margin_last_edited=&#8221;on|phone&#8221; locked=&#8221;off&#8221; global_colors_info=&#8221;{}&#8221;]<\/p>\n<h3>Continuit\u00e9 des soins<\/h3>\n<p>[\/et_pb_text][et_pb_divider divider_weight=&#8221;3px&#8221; _builder_version=&#8221;4.27.4&#8243; _module_preset=&#8221;default&#8221; width=&#8221;20%&#8221; module_alignment=&#8221;center&#8221; height=&#8221;5px&#8221; custom_margin=&#8221;||15px||false|false&#8221; module_alignment_tablet=&#8221;center&#8221; module_alignment_phone=&#8221;center&#8221; module_alignment_last_edited=&#8221;on|tablet&#8221; locked=&#8221;off&#8221; global_colors_info=&#8221;{}&#8221;][\/et_pb_divider][et_pb_text _builder_version=&#8221;4.27.4&#8243; _module_preset=&#8221;default&#8221; global_colors_info=&#8221;{}&#8221;]Un personnel infirmier familier avec le patient peut mieux comprendre ses habitudes, ses pr\u00e9f\u00e9rences, ses sympt\u00f4mes et l\u2019\u00e9volution de son r\u00e9tablissement au fil du temps.[\/et_pb_text][\/et_pb_column][\/et_pb_row][\/et_pb_section][et_pb_section fb_built=&#8221;1&#8243; _builder_version=&#8221;4.27.4&#8243; _module_preset=&#8221;default&#8221; background_color=&#8221;#f4f7f9&#8243; global_colors_info=&#8221;{}&#8221;][et_pb_row _builder_version=&#8221;4.27.4&#8243; _module_preset=&#8221;default&#8221; global_colors_info=&#8221;{}&#8221;][et_pb_column type=&#8221;4_4&#8243; _builder_version=&#8221;4.27.4&#8243; _module_preset=&#8221;default&#8221; global_colors_info=&#8221;{}&#8221;][et_pb_text _builder_version=&#8221;4.27.4&#8243; _module_preset=&#8221;default&#8221; text_font_size=&#8221;20px&#8221; header_text_align=&#8221;left&#8221; header_2_text_align=&#8221;center&#8221; header_2_text_align_tablet=&#8221;center&#8221; header_2_text_align_phone=&#8221;left&#8221; header_2_text_align_last_edited=&#8221;on|phone&#8221; global_colors_info=&#8221;{}&#8221;]<\/p>\n<h2 style=\"text-align: center;\">Comment obtenir une visite d\u2019une infirmi\u00e8re priv\u00e9e \u00e0 domicile \u00e0 Montr\u00e9al<\/h2>\n<p>[\/et_pb_text][et_pb_text _builder_version=&#8221;4.27.4&#8243; _module_preset=&#8221;default&#8221; text_font_size=&#8221;20px&#8221; background_color=&#8221;#e7f2ff&#8221; custom_padding=&#8221;20px|20px|20px|20px|false|false&#8221; locked=&#8221;off&#8221; global_colors_info=&#8221;{}&#8221;]<\/p>\n<p>Vous cherchez une <strong>infirmi\u00e8re priv\u00e9e \u00e0 Montr\u00e9al<\/strong>? A+ Solutions facilite la r\u00e9servation d\u2019une <strong>infirmi\u00e8re \u00e0 domicile \u00e0 Montr\u00e9al<\/strong> pour des soins professionnels adapt\u00e9s \u00e0 vos besoins. Communiquez avec notre \u00e9quipe pour une consultation gratuite. Nous \u00e9valuerons les soins requis, confirmerons la date et l\u2019heure souhait\u00e9es et organiserons la visite d\u2019une infirmi\u00e8re ou d\u2019une infirmi\u00e8re auxiliaire membre de l\u2019OIIQ ou de l\u2019OIIAQ.<\/p>\n<p>[\/et_pb_text][\/et_pb_column][\/et_pb_row][et_pb_row column_structure=&#8221;3_5,2_5&#8243; _builder_version=&#8221;4.27.4&#8243; _module_preset=&#8221;default&#8221; global_colors_info=&#8221;{}&#8221;][et_pb_column type=&#8221;3_5&#8243; _builder_version=&#8221;4.27.4&#8243; _module_preset=&#8221;default&#8221; global_colors_info=&#8221;{}&#8221;][et_pb_text _builder_version=&#8221;4.27.4&#8243; _module_preset=&#8221;default&#8221; header_3_font=&#8221;&#8211;et_global_heading_font||||||||&#8221; header_3_font_size=&#8221;24px&#8221; background_color=&#8221;#cff2fe&#8221; custom_padding=&#8221;20px|20px|20px|20px|false|false&#8221; global_colors_info=&#8221;{}&#8221;]<\/p>\n<h3>\u00c9tape 1 : Consultation initiale gratuite<\/h3>\n<p>Nous commen\u00e7ons par une consultation t\u00e9l\u00e9phonique afin de bien comprendre les besoins m\u00e9dicaux du patient, son lieu de r\u00e9sidence, ses disponibilit\u00e9s et le type de <strong>soins infirmiers \u00e0 domicile<\/strong> requis.<\/p>\n<h3>\u00c9tape 2 : \u00c9valuation des besoins et \u00e9valuation infirmi\u00e8re<\/h3>\n<p>Le personnel infirmier examine notamment les ant\u00e9c\u00e9dents m\u00e9dicaux du patient, ses m\u00e9dicaments actuels, les directives de son m\u00e9decin, sa mobilit\u00e9, ses sympt\u00f4mes et son environnement \u00e0 domicile afin de contribuer \u00e0 l\u2019\u00e9laboration d\u2019un plan de soins infirmiers s\u00e9curitaire et adapt\u00e9 \u00e0 ses besoins.<\/p>\n<h3>\u00c9tape 3 : Visite planifi\u00e9e d\u2019une infirmi\u00e8re priv\u00e9e \u00e0 domicile<\/h3>\n<p>Une fois le plan de soins et l\u2019horaire confirm\u00e9s, une <strong>infirmi\u00e8re ou une infirmi\u00e8re auxiliaire membre de l\u2019OIIQ ou de l\u2019OIIAQ<\/strong> se rend au domicile du patient, dans sa r\u00e9sidence ou dans un autre milieu de soins appropri\u00e9, \u00e0 l\u2019heure convenue.<\/p>\n<h3>\u00c9tape 4 : Suivi continu et coordination des soins<\/h3>\n<p>Pour les patients n\u00e9cessitant des soins r\u00e9currents ou plus complexes, A+ Solutions peut assurer un <strong>suivi infirmier continu<\/strong> et adapter les interventions en fonction de l\u2019\u00e9volution de l\u2019\u00e9tat de sant\u00e9 du patient et de son plan de soins.[\/et_pb_text][et_pb_button button_url=&#8221;#appointment&#8221; button_text=&#8221;R\u00e9servez consultation gratuite pour soins infirmiers priv\u00e9s&#8221; admin_label=&#8221;Button&#8221; _builder_version=&#8221;4.27.4&#8243; _module_preset=&#8221;default&#8221; locked=&#8221;off&#8221; global_colors_info=&#8221;{}&#8221;][\/et_pb_button][\/et_pb_column][et_pb_column type=&#8221;2_5&#8243; _builder_version=&#8221;4.27.4&#8243; _module_preset=&#8221;default&#8221; global_colors_info=&#8221;{}&#8221;][et_pb_text module_id=&#8221;appointment&#8221; module_class=&#8221;inquiry_form landing_banner_form&#8221; _builder_version=&#8221;4.27.4&#8243; _module_preset=&#8221;default&#8221; text_font_size=&#8221;12px&#8221; header_text_align=&#8221;center&#8221; header_3_text_align=&#8221;center&#8221; background_color=&#8221;#c7d8f9&#8243; custom_margin=&#8221;||20px||false|false&#8221; custom_padding=&#8221;50px|50px|50px|50px|true|true&#8221; custom_padding_tablet=&#8221;|30px||30px|true|true&#8221; custom_padding_phone=&#8221;|20px||20px|true|true&#8221; custom_padding_last_edited=&#8221;on|phone&#8221; header_text_align_tablet=&#8221;left&#8221; header_text_align_phone=&#8221;left&#8221; header_text_align_last_edited=&#8221;off|desktop&#8221; border_radii=&#8221;on|20px|20px|20px|20px&#8221; box_shadow_style=&#8221;preset1&#8243; box_shadow_blur=&#8221;16px&#8221; box_shadow_spread=&#8221;-5px&#8221; saved_tabs=&#8221;all&#8221; locked=&#8221;off&#8221; global_colors_info=&#8221;{}&#8221;]<\/p>\n<h3>R\u00e9servez consultation gratuite pour soins infirmiers priv\u00e9s<\/h3>\n<p style=\"text-align: center;\"><em>Vos renseignements sont prot\u00e9g\u00e9s et confidentiels.<\/em><\/p>\n<p><script>\nvar gform;gform||(document.addEventListener(\"gform_main_scripts_loaded\",function(){gform.scriptsLoaded=!0}),document.addEventListener(\"gform\/theme\/scripts_loaded\",function(){gform.themeScriptsLoaded=!0}),window.addEventListener(\"DOMContentLoaded\",function(){gform.domLoaded=!0}),gform={domLoaded:!1,scriptsLoaded:!1,themeScriptsLoaded:!1,isFormEditor:()=>\"function\"==typeof InitializeEditor,callIfLoaded:function(o){return!(!gform.domLoaded||!gform.scriptsLoaded||!gform.themeScriptsLoaded&&!gform.isFormEditor()||(gform.isFormEditor()&&console.warn(\"The use of gform.initializeOnLoaded() is deprecated in the form editor context and will be removed in Gravity Forms 3.1.\"),o(),0))},initializeOnLoaded:function(o){gform.callIfLoaded(o)||(document.addEventListener(\"gform_main_scripts_loaded\",()=>{gform.scriptsLoaded=!0,gform.callIfLoaded(o)}),document.addEventListener(\"gform\/theme\/scripts_loaded\",()=>{gform.themeScriptsLoaded=!0,gform.callIfLoaded(o)}),window.addEventListener(\"DOMContentLoaded\",()=>{gform.domLoaded=!0,gform.callIfLoaded(o)}))},hooks:{action:{},filter:{}},addAction:function(o,r,e,t){gform.addHook(\"action\",o,r,e,t)},addFilter:function(o,r,e,t){gform.addHook(\"filter\",o,r,e,t)},doAction:function(o){gform.doHook(\"action\",o,arguments)},applyFilters:function(o){return gform.doHook(\"filter\",o,arguments)},removeAction:function(o,r){gform.removeHook(\"action\",o,r)},removeFilter:function(o,r,e){gform.removeHook(\"filter\",o,r,e)},addHook:function(o,r,e,t,n){null==gform.hooks[o][r]&&(gform.hooks[o][r]=[]);var d=gform.hooks[o][r];null==n&&(n=r+\"_\"+d.length),gform.hooks[o][r].push({tag:n,callable:e,priority:t=null==t?10:t})},doHook:function(r,o,e){var t;if(e=Array.prototype.slice.call(e,1),null!=gform.hooks[r][o]&&((o=gform.hooks[r][o]).sort(function(o,r){return o.priority-r.priority}),o.forEach(function(o){\"function\"!=typeof(t=o.callable)&&(t=window[t]),\"action\"==r?t.apply(null,e):e[0]=t.apply(null,e)})),\"filter\"==r)return e[0]},removeHook:function(o,r,t,n){var e;null!=gform.hooks[o][r]&&(e=(e=gform.hooks[o][r]).filter(function(o,r,e){return!!(null!=n&&n!=o.tag||null!=t&&t!=o.priority)}),gform.hooks[o][r]=e)}});\n<\/script>\n\n                <div class='gf_browser_gecko gform_wrapper gravity-theme gform-theme--no-framework' data-form-theme='gravity-theme' data-form-index='0' id='gform_wrapper_29' ><div id='gf_29' class='gform_anchor' tabindex='-1'><\/div>\n                        <div class='gform_heading'>\n                            <p class='gform_description'><\/p>\n                        <\/div><form method='post' enctype='multipart\/form-data' target='gform_ajax_frame_29' id='gform_29'  action='\/fr\/wp-json\/wp\/v2\/pages\/25838539#gf_29' data-formid='29' novalidate>\n                        <div class='gform-body gform_body'><div id='gform_fields_29' class='gform_fields top_label form_sublabel_below description_below validation_below'><div id=\"field_29_13\" class=\"gfield gfield--type-honeypot gform_validation_container field_sublabel_below gfield--has-description field_description_below field_validation_below gfield_visibility_visible\"  ><label class='gfield_label gform-field-label' for='input_29_13'>Email<\/label><div class='ginput_container'><input name='input_13' id='input_29_13' type='text' value='' autocomplete='new-password'\/><\/div><div class='gfield_description' id='gfield_description_29_13'>Ce champ n\u2019est utilis\u00e9 qu\u2019\u00e0 des fins de validation et devrait rester inchang\u00e9.<\/div><\/div><div id=\"field_29_1\" class=\"gfield gfield--type-text gfield--input-type-text gfield--width-half gfield_contains_required field_sublabel_below gfield--no-description field_description_below hidden_label field_validation_below gfield_visibility_visible\"  ><label class='gfield_label gform-field-label' for='input_29_1'>Full Name<span class=\"gfield_required\"><span class=\"gfield_required gfield_required_text\">(N\u00e9cessaire)<\/span><\/span><\/label><div class='ginput_container ginput_container_text'><input name='input_1' id='input_29_1' type='text' value='' class='large'    placeholder='Nom complet' aria-required=\"true\" aria-invalid=\"false\"   \/><\/div><\/div><div id=\"field_29_4\" class=\"gfield gfield--type-email gfield--input-type-email gfield--width-half gfield_contains_required field_sublabel_below gfield--no-description field_description_below hidden_label field_validation_below gfield_visibility_visible\"  ><label class='gfield_label gform-field-label' for='input_29_4'>Your Email<span class=\"gfield_required\"><span class=\"gfield_required gfield_required_text\">(N\u00e9cessaire)<\/span><\/span><\/label><div class='ginput_container ginput_container_email'>\n                            <input name='input_4' id='input_29_4' type='email' value='' class='large'   placeholder='Votre courriel' aria-required=\"true\" aria-invalid=\"false\"  \/>\n                        <\/div><\/div><div id=\"field_29_7\" class=\"gfield gfield--type-phone gfield--input-type-phone gfield--width-half field_sublabel_below gfield--no-description field_description_below field_validation_below gfield_visibility_visible\"  ><label class='gfield_label gform-field-label screen-reader-text' for='input_29_7'>Num\u00e9ro de t\u00e9l\u00e9phone<\/label><div class='ginput_container ginput_container_phone'><input name='input_7' id='input_29_7' type='tel' value='' class='large'  placeholder='Num\u00e9ro de t\u00e9l\u00e9phone'  aria-invalid=\"false\"   \/><\/div><\/div><div id=\"field_29_9\" class=\"gfield gfield--type-select gfield--input-type-select gfield--width-half field_sublabel_below gfield--no-description field_description_below field_validation_below gfield_visibility_visible\"  ><label class='gfield_label gform-field-label screen-reader-text' for='input_29_9'>S\u00e9lectionnez un service<\/label><div class='ginput_container ginput_container_select'><select name='input_9' id='input_29_9' class='large gfield_select'     aria-invalid=\"false\" ><option value='' selected='selected' class='gf_placeholder'>S\u00e9lectionnez un service<\/option><option value='R\u00e9cup\u00e9ration postop\u00e9ratoire' >R\u00e9cup\u00e9ration postop\u00e9ratoire<\/option><option value='Soins de plaies' >Soins de plaies<\/option><option value='Gestion des m\u00e9dicaments' >Gestion des m\u00e9dicaments<\/option><option value='Suivi des maladies chroniques' >Suivi des maladies chroniques<\/option><option value='Prise de sang' >Prise de sang<\/option><option value='Autre' >Autre<\/option><\/select><\/div><\/div><div id=\"field_29_10\" class=\"gfield gfield--type-date gfield--input-type-date gfield--input-type-datepicker gfield--datepicker-no-icon gfield--width-full field_sublabel_below gfield--no-description field_description_below field_validation_below gfield_visibility_visible\"  ><label class='gfield_label gform-field-label screen-reader-text' for='input_29_10'>Date de service souhait\u00e9e<\/label><div class='ginput_container ginput_container_date'>\n                            <input name='input_10' id='input_29_10' type='text' value='' class='datepicker gform-datepicker dmy datepicker_no_icon gdatepicker-no-icon'   placeholder='Date de service souhait\u00e9e' aria-describedby=\"input_29_10_date_format\" aria-invalid=\"false\" \/>\n                            <span id='input_29_10_date_format' class='screen-reader-text'>JJ slash MM slash AAAA<\/span>\n                        <\/div>\n                        <input type='hidden' id='gforms_calendar_icon_input_29_10' class='gform_hidden' value='https:\/\/www.aplushomecare.ca\/wp-content\/plugins\/gravityforms\/images\/datepicker\/datepicker.svg'\/><\/div><div id=\"field_29_6\" class=\"gfield gfield--type-textarea gfield--input-type-textarea gfield--width-full field_sublabel_below gfield--no-description field_description_below hidden_label field_validation_below gfield_visibility_visible\"  ><label class='gfield_label gform-field-label' for='input_29_6'>Your Message<\/label><div class='ginput_container ginput_container_textarea'><textarea name='input_6' id='input_29_6' class='textarea small'    placeholder='Votre message'  aria-invalid=\"false\"   rows='10' cols='50'><\/textarea><\/div><\/div><div id=\"field_29_11\" class=\"gfield gfield--type-fileupload gfield--input-type-fileupload gfield--width-full field_sublabel_below gfield--has-description field_description_above hidden_label field_validation_below gfield_visibility_visible\"  ><label class='gfield_label gform-field-label' for='input_29_11'>Upload your physician&#039;s referral (if applicable)<\/label><div class='gfield_description' id='gfield_description_29_11'>T\u00e9l\u00e9versez la r\u00e9f\u00e9rence de votre m\u00e9decin (s\u2019il y a lieu)<\/div><div class='ginput_container ginput_container_fileupload'><input type='hidden' name='MAX_FILE_SIZE' value='536870912' \/><input name='input_11' id='input_29_11' type='file' class='large' aria-describedby=\"gfield_upload_rules_29_11 gfield_description_29_11\" onchange='javascript:gformValidateFileSize( this, 536870912 );'  \/><span class='gfield_description gform_fileupload_rules' id='gfield_upload_rules_29_11'>Taille max. des fichiers\u00a0: 512 MB.<\/span><div class='gfield_description validation_message gfield_validation_message validation_message--hidden-on-empty' id='live_validation_message_29_11'><\/div> <\/div><\/div><div id=\"field_29_12\" class=\"gfield gfield--type-turnstile gfield--input-type-turnstile field_sublabel_below gfield--no-description field_description_below field_validation_below gfield_visibility_visible\"  ><div class='ginput_container ginput_container_turnstile'><div class=\"cf-turnstile\" id=\"cf-turnstile_29\" data-js-turnstile data-response-field-name=\"cf-turnstile-response_29\" data-theme=\"auto\" data-size=\"normal\" data-sitekey=\"0x4AAAAAAD65MrvBePFlQ5qi\"><\/div><\/div><\/div><\/div><\/div>\n        <div class='gform-footer gform_footer top_label'> <input type='submit' id='gform_submit_button_29' class='gform_button button' onclick='gform.submission.handleButtonClick(this);' data-submission-type='submit' value='Submit'  \/> <input type='hidden' name='gform_ajax' value='form_id=29&amp;title=&amp;description=1&amp;tabindex=0&amp;theme=gravity-theme&amp;styles=[]&amp;hash=4cd166ed02da16856a45e41729f43123' \/><input type='hidden' class='gform_hidden' name='gform_submission_speeds' value='{&quot;pages&quot;:[]}' \/>\n            <input type='hidden' class='gform_hidden' name='gform_submission_method' data-js='gform_submission_method_29' value='iframe' \/>\n            <input type='hidden' class='gform_hidden' name='gform_theme' data-js='gform_theme_29' id='gform_theme_29' value='gravity-theme' \/>\n            <input type='hidden' class='gform_hidden' name='gform_style_settings' data-js='gform_style_settings_29' id='gform_style_settings_29' value='[]' \/>\n            <input type='hidden' class='gform_hidden' name='is_submit_29' value='1' \/>\n            <input type='hidden' class='gform_hidden' name='gform_submit' value='29' \/>\n            \n            <input type='hidden' class='gform_hidden' name='gform_currency' data-currency='USD' value='O\/2vuZ+7MMzU2CYitwq4HVOzfXyqkvnVWizpazpuYMHmtAWZcJmYQZXiT+lXiTPbjJ79saRgBgnIo\/CEW9AWAB14V55pnbBFLa12mGcroMSAL3c=' \/>\n            <input type='hidden' class='gform_hidden' name='gform_unique_id' value='' \/>\n            <input type='hidden' class='gform_hidden' name='state_29' value='WyJ7XCI5XCI6W1wiN2QzOTRjZWEyYjljZTg0OGVjNTM2YjgxYTcyZTE4NGFcIixcImFjZDJjNWY2MzM0ODlhZjZjMDNiMTQyNDRkMTA4ZTU4XCIsXCJmOWVkYzRhMWI0YzBjZTliMTU1YThhODFlNDcwZWU2OVwiLFwiMjVlYjFjMDU3MjJlNmMyYjM3Nzk4YTU2ODhiMmZkOWJcIixcIjhjZjRhZWYyZmVmNjFmZTEzZjExMDRkMTI0YjBlMTg1XCIsXCJmMDcyYjc3MmUzMzNiM2I1YjAyY2JjZmQ0YjZlNzE5NVwiXX0iLCI1YTk3MTk1ZWU0MzEyNGRlMGMxNjdmYzFiYzUzMDFkYSJd' \/>\n            <input type='hidden' autocomplete='off' class='gform_hidden' name='gform_target_page_number_29' id='gform_target_page_number_29' value='0' \/>\n            <input type='hidden' autocomplete='off' class='gform_hidden' name='gform_source_page_number_29' id='gform_source_page_number_29' value='1' \/>\n            <input type='hidden' name='gform_field_values' value='' \/>\n            \n        <\/div>\n                        <\/form>\n                        <\/div>\n\t\t                <iframe style='display:none;width:0px;height:0px;' src='about:blank' name='gform_ajax_frame_29' id='gform_ajax_frame_29' title='Cette iframe contient la logique n\u00e9cessaire pour manipuler Gravity Forms avec Ajax.'><\/iframe>\n\t\t                <script>\ngform.initializeOnLoaded( function() {gformInitSpinner( 29, 'https:\/\/www.aplushomecare.ca\/wp-content\/plugins\/gravityforms\/images\/spinner.svg', true );jQuery('#gform_ajax_frame_29').on('load',function(){var contents = jQuery(this).contents().find('*').html();var is_postback = contents.indexOf('GF_AJAX_POSTBACK') >= 0;if(!is_postback){return;}var form_content = jQuery(this).contents().find('#gform_wrapper_29');var is_confirmation = jQuery(this).contents().find('#gform_confirmation_wrapper_29').length > 0;var is_redirect = contents.indexOf('gformRedirect(){') >= 0;var is_form = form_content.length > 0 && ! is_redirect && ! is_confirmation;var mt = parseInt(jQuery('html').css('margin-top'), 10) + parseInt(jQuery('body').css('margin-top'), 10) + 100;if(is_form){jQuery('#gform_wrapper_29').html(form_content.html());if(form_content.hasClass('gform_validation_error')){jQuery('#gform_wrapper_29').addClass('gform_validation_error');} else {jQuery('#gform_wrapper_29').removeClass('gform_validation_error');}setTimeout( function() { \/* delay the scroll by 50 milliseconds to fix a bug in chrome *\/ jQuery(document).scrollTop(jQuery('#gform_wrapper_29').offset().top - mt); }, 50 );if(window['gformInitDatepicker']) {gformInitDatepicker();}if(window['gformInitPriceFields']) {gformInitPriceFields();}var current_page = jQuery('#gform_source_page_number_29').val();gformInitSpinner( 29, 'https:\/\/www.aplushomecare.ca\/wp-content\/plugins\/gravityforms\/images\/spinner.svg', true );jQuery(document).trigger('gform_page_loaded', [29, current_page]);window['gf_submitting_29'] = false;}else if(!is_redirect){var confirmation_content = jQuery(this).contents().find('.GF_AJAX_POSTBACK').html();if(!confirmation_content){confirmation_content = contents;}jQuery('#gform_wrapper_29').replaceWith(confirmation_content);jQuery(document).scrollTop(jQuery('#gf_29').offset().top - mt);jQuery(document).trigger('gform_confirmation_loaded', [29]);window['gf_submitting_29'] = false;wp.a11y.speak(jQuery('#gform_confirmation_message_29').text());}else{jQuery('#gform_29').append(contents);if(window['gformRedirect']) {gformRedirect();}}jQuery(document).trigger(\"gform_pre_post_render\", [{ formId: \"29\", currentPage: \"current_page\", abort: function() { this.preventDefault(); } }]);        if (event && event.defaultPrevented) {                return;        }        const gformWrapperDiv = document.getElementById( \"gform_wrapper_29\" );        if ( gformWrapperDiv ) {            const visibilitySpan = document.createElement( \"span\" );            visibilitySpan.id = \"gform_visibility_test_29\";            gformWrapperDiv.insertAdjacentElement( \"afterend\", visibilitySpan );        }        const visibilityTestDiv = document.getElementById( \"gform_visibility_test_29\" );        let postRenderFired = false;        function triggerPostRender() {            if ( postRenderFired ) {                return;            }            postRenderFired = true;            gform.core.triggerPostRenderEvents( 29, current_page );            if ( visibilityTestDiv ) {                visibilityTestDiv.parentNode.removeChild( visibilityTestDiv );            }        }        function debounce( func, wait, immediate ) {            var timeout;            return function() {                var context = this, args = arguments;                var later = function() {                    timeout = null;                    if ( !immediate ) func.apply( context, args );                };                var callNow = immediate && !timeout;                clearTimeout( timeout );                timeout = setTimeout( later, wait );                if ( callNow ) func.apply( context, args );            };        }        const debouncedTriggerPostRender = debounce( function() {            triggerPostRender();        }, 200 );        if ( visibilityTestDiv && visibilityTestDiv.offsetParent === null ) {            const observer = new MutationObserver( ( mutations ) => {                mutations.forEach( ( mutation ) => {                    if ( mutation.type === 'attributes' && visibilityTestDiv.offsetParent !== null ) {                        debouncedTriggerPostRender();                        observer.disconnect();                    }                });            });            observer.observe( document.body, {                attributes: true,                childList: false,                subtree: true,                attributeFilter: [ 'style', 'class' ],            });        } else {            triggerPostRender();        }    } );} );\n<\/script>\n[\/et_pb_text][\/et_pb_column][\/et_pb_row][\/et_pb_section][et_pb_section fb_built=&#8221;1&#8243; custom_padding_last_edited=&#8221;on|desktop&#8221; module_class=&#8221;mobile_blood_test&#8221; _builder_version=&#8221;4.27.4&#8243; _module_preset=&#8221;default&#8221; background_color=&#8221;#FFFFFF&#8221; custom_padding=&#8221;||||false|false&#8221; custom_padding_tablet=&#8221;50px||50px||true|false&#8221; custom_padding_phone=&#8221;||||false|false&#8221; locked=&#8221;off&#8221; global_colors_info=&#8221;{}&#8221;][et_pb_row _builder_version=&#8221;4.27.4&#8243; _module_preset=&#8221;default&#8221; background_color=&#8221;#cceeff&#8221; custom_padding=&#8221;20px|20px|20px|20px|false|false&#8221; global_colors_info=&#8221;{}&#8221;][et_pb_column type=&#8221;4_4&#8243; _builder_version=&#8221;4.27.4&#8243; _module_preset=&#8221;default&#8221; global_colors_info=&#8221;{}&#8221;][et_pb_text _builder_version=&#8221;4.27.4&#8243; _module_preset=&#8221;default&#8221; text_font_size=&#8221;20px&#8221; global_colors_info=&#8221;{}&#8221;]<\/p>\n<h2>A+ Solutions : agence de soins infirmiers priv\u00e9s \u00e0 Montr\u00e9al \u2014 personnel membre de l\u2019OIIQ\/OIIAQ<\/h2>\n<p>[\/et_pb_text][et_pb_text _builder_version=&#8221;4.27.4&#8243; _module_preset=&#8221;default&#8221; text_font_size=&#8221;20px&#8221; background_color=&#8221;#e7f2ff&#8221; custom_padding=&#8221;20px|20px|20px|20px|false|false&#8221; global_colors_info=&#8221;{}&#8221;]En tant qu\u2019<strong>agence de soins infirmiers \u00e0 Montr\u00e9al<\/strong> au service des familles depuis plusieurs ann\u00e9es, A+ Solutions offre des <strong>soins infirmiers priv\u00e9s \u00e0 domicile<\/strong> \u00e0 Montr\u00e9al, Laval et dans l\u2019Ouest-de-l\u2019\u00cele. Nos services sont assur\u00e9s par des <strong>infirmi\u00e8res membres de l\u2019OIIQ<\/strong> et des <strong>infirmi\u00e8res auxiliaires membres de l\u2019OIIAQ<\/strong>. Notre personnel infirmier accompagne les patients \u00e0 domicile pour diff\u00e9rents besoins cliniques, notamment les soins de plaies, les injections, le soutien \u00e0 la m\u00e9dication, les soins postop\u00e9ratoires, les <strong>prises de sang \u00e0 domicile<\/strong>, les soins palliatifs et le suivi continu de l\u2019\u00e9tat de sant\u00e9.[\/et_pb_text][\/et_pb_column][\/et_pb_row][et_pb_row column_structure=&#8221;3_5,2_5&#8243; use_custom_gutter=&#8221;on&#8221; gutter_width=&#8221;2&#8243; make_equal=&#8221;on&#8221; custom_padding_last_edited=&#8221;on|tablet&#8221; _builder_version=&#8221;4.27.4&#8243; _module_preset=&#8221;default&#8221; width_tablet=&#8221;&#8221; width_phone=&#8221;90%&#8221; width_last_edited=&#8221;on|phone&#8221; custom_padding_tablet=&#8221;0px||0px||true|false&#8221; custom_padding_phone=&#8221;0px||0px||true|false&#8221; global_colors_info=&#8221;{}&#8221; custom_css_main_element_last_edited=&#8221;on|tablet&#8221; custom_css_main_element_tablet=&#8221;align-items:center;&#8221; custom_css_main_element_phone=&#8221;align-items:center;&#8221;][et_pb_column type=&#8221;3_5&#8243; _builder_version=&#8221;4.27.4&#8243; _module_preset=&#8221;default&#8221; global_colors_info=&#8221;{}&#8221;][et_pb_text content_tablet=&#8221;<\/p>\n<h2>What Is an At-Home Blood Test in Montreal?<\/h2>\n<p>&#8221; content_phone=&#8221;<\/p>\n<h2>What to Expect from A+ Nursing Agency Clinical Team<\/h2>\n<p>&#8221; content_last_edited=&#8221;on|phone&#8221; _builder_version=&#8221;4.27.4&#8243; _module_preset=&#8221;default&#8221; header_3_font=&#8221;&#8211;et_global_heading_font|500|||||||&#8221; header_3_font_size=&#8221;32px&#8221; custom_margin=&#8221;||10px||false|false&#8221; header_2_text_align_tablet=&#8221;left&#8221; header_2_text_align_phone=&#8221;left&#8221; header_2_text_align_last_edited=&#8221;on|tablet&#8221; text_orientation_tablet=&#8221;&#8221; text_orientation_phone=&#8221;left&#8221; text_orientation_last_edited=&#8221;on|tablet&#8221; global_colors_info=&#8221;{}&#8221;]<\/p>\n<h3>\u00c0 quoi vous attendre de notre \u00e9quipe de soins infirmiers<\/h3>\n<p>[\/et_pb_text][et_pb_divider divider_weight=&#8221;5px&#8221; _builder_version=&#8221;4.27.4&#8243; _module_preset=&#8221;default&#8221; width=&#8221;11%&#8221; height=&#8221;5px&#8221; custom_margin=&#8221;||15px||false|false&#8221; module_alignment_tablet=&#8221;left&#8221; module_alignment_phone=&#8221;left&#8221; module_alignment_last_edited=&#8221;on|tablet&#8221; global_colors_info=&#8221;{}&#8221;][\/et_pb_divider][et_pb_text ul_type=&#8221;none&#8221; ol_type=&#8221;none&#8221; module_class=&#8221;num_list&#8221; _builder_version=&#8221;4.27.4&#8243; _module_preset=&#8221;default&#8221; custom_margin=&#8221;||||false|false&#8221; text_orientation_tablet=&#8221;left&#8221; text_orientation_phone=&#8221;left&#8221; text_orientation_last_edited=&#8221;on|tablet&#8221; global_colors_info=&#8221;{}&#8221;]Sous la supervision continue d\u2019un <strong>gestionnaire de cas m\u00e9dical attitr\u00e9<\/strong>, notre personnel infirmier adopte une <strong>approche globale et personnalis\u00e9e de la sant\u00e9 du patient<\/strong> :[\/et_pb_text][et_pb_text ul_type=&#8221;none&#8221; ol_type=&#8221;none&#8221; module_class=&#8221;num_list&#8221; _builder_version=&#8221;4.27.4&#8243; _module_preset=&#8221;default&#8221; text_line_height=&#8221;1.6em&#8221; background_color=&#8221;#f0f7ff&#8221; custom_margin=&#8221;||||false|false&#8221; custom_padding=&#8221;20px|20px|20px|20px|false|false&#8221; text_orientation_tablet=&#8221;left&#8221; text_orientation_phone=&#8221;left&#8221; text_orientation_last_edited=&#8221;on|tablet&#8221; locked=&#8221;off&#8221; global_colors_info=&#8221;{}&#8221;]<\/p>\n<ul>\n<li><strong>\u2713 \u00c9valuations cliniques :<\/strong> \u00c9valuation des sympt\u00f4mes, des signes vitaux, des ant\u00e9c\u00e9dents m\u00e9dicaux, des m\u00e9dicaments et des directives relatives aux soins.<\/li>\n<li><strong>\u2713 Soins infirmiers sp\u00e9cialis\u00e9s :<\/strong> Soins de plaies, injections, soutien \u00e0 la gestion des m\u00e9dicaments, soins de cath\u00e9ter et de stomie, th\u00e9rapie intraveineuse lorsque cela est appropri\u00e9, ainsi que d\u2019autres soins infirmiers prescrits.<\/li>\n<li><strong>\u2713 Coordination des soins :<\/strong> Communication avec les membres de la famille, les proches aidants, les m\u00e9decins, les chirurgiens et les autres professionnels de la sant\u00e9 lorsque n\u00e9cessaire.<\/li>\n<li><strong>\u2713 Enseignement au patient et \u00e0 sa famille :<\/strong> Explications claires pour aider le patient et ses proches aidants \u00e0 comprendre les soins \u00e0 effectuer, les \u00e9tapes du r\u00e9tablissement, les signes \u00e0 surveiller et les suivis n\u00e9cessaires.<\/li>\n<li><strong>\u2713 Suivi continu :<\/strong> Surveillance r\u00e9guli\u00e8re de l\u2019\u00e9volution de l\u2019\u00e9tat de sant\u00e9, du confort, des effets secondaires, de la mobilit\u00e9, du sommeil, de l\u2019app\u00e9tit et du r\u00e9tablissement du patient.<\/li>\n<\/ul>\n<p>[\/et_pb_text][\/et_pb_column][et_pb_column type=&#8221;2_5&#8243; _builder_version=&#8221;4.27.4&#8243; _module_preset=&#8221;default&#8221; global_colors_info=&#8221;{}&#8221;][et_pb_text _builder_version=&#8221;4.27.4&#8243; _module_preset=&#8221;default&#8221; header_3_font=&#8221;&#8211;et_global_heading_font|500|||||||&#8221; header_3_font_size=&#8221;32px&#8221; global_colors_info=&#8221;{}&#8221;]<\/p>\n<h3>En cas d\u2019urgence : quand appeler le 911 ou se rendre \u00e0 l\u2019urgence<\/h3>\n<p>[\/et_pb_text][et_pb_divider divider_weight=&#8221;5px&#8221; _builder_version=&#8221;4.27.4&#8243; _module_preset=&#8221;default&#8221; width=&#8221;100%&#8221; height=&#8221;5px&#8221; custom_margin=&#8221;||15px||false|false&#8221; module_alignment_tablet=&#8221;left&#8221; module_alignment_phone=&#8221;left&#8221; module_alignment_last_edited=&#8221;on|tablet&#8221; locked=&#8221;off&#8221; global_colors_info=&#8221;{}&#8221;][\/et_pb_divider][et_pb_text _builder_version=&#8221;4.27.4&#8243; _module_preset=&#8221;default&#8221; background_color=&#8221;#e7f2ff&#8221; custom_padding=&#8221;20px|20px|20px|20px|false|false&#8221; box_shadow_style=&#8221;preset2&#8243; global_colors_info=&#8221;{}&#8221;]Les soins infirmiers priv\u00e9s ne remplacent pas les services m\u00e9dicaux d\u2019urgence. Si vous ou un proche \u00eates confront\u00e9 \u00e0 une urgence m\u00e9dicale, <strong>appelez imm\u00e9diatement le 911 ou rendez-vous au service d\u2019urgence le plus proche<\/strong>. Consultez sans d\u00e9lai en cas de <strong>douleur thoracique, difficult\u00e9 respiratoire importante, signes d\u2019un AVC, saignement incontr\u00f4l\u00e9, perte de conscience, confusion soudaine, r\u00e9action allergique grave, blessure majeure, forte fi\u00e8vre accompagn\u00e9e d\u2019une d\u00e9t\u00e9rioration rapide de l\u2019\u00e9tat de sant\u00e9<\/strong>, ou de toute autre situation qui semble urgente ou qui pourrait mettre la vie en danger.[\/et_pb_text][\/et_pb_column][\/et_pb_row][et_pb_row _builder_version=&#8221;4.27.4&#8243; _module_preset=&#8221;default&#8221; global_colors_info=&#8221;{}&#8221;][et_pb_column type=&#8221;4_4&#8243; _builder_version=&#8221;4.27.4&#8243; _module_preset=&#8221;default&#8221; global_colors_info=&#8221;{}&#8221;][et_pb_text _builder_version=&#8221;4.27.4&#8243; _module_preset=&#8221;default&#8221; text_font_size=&#8221;20px&#8221; global_colors_info=&#8221;{}&#8221;]<strong>Les soins infirmiers priv\u00e9s d\u2019A+ Solutions sont con\u00e7us pour des soins infirmiers planifi\u00e9s et non urgents \u00e0 domicile.<\/strong>[\/et_pb_text][\/et_pb_column][\/et_pb_row][\/et_pb_section][et_pb_section fb_built=&#8221;1&#8243; custom_padding_last_edited=&#8221;on|tablet&#8221; _builder_version=&#8221;4.27.4&#8243; _module_preset=&#8221;default&#8221; background_color=&#8221;gcid-4b76a5c8-6db2-45fe-82ae-f6737a086e6a&#8221; custom_padding_tablet=&#8221;50px||50px||true|false&#8221; custom_padding_phone=&#8221;50px||50px||true|false&#8221; saved_tabs=&#8221;all&#8221; locked=&#8221;off&#8221; global_colors_info=&#8221;{%22gcid-4b76a5c8-6db2-45fe-82ae-f6737a086e6a%22:%91%22background_color%22%93}&#8221;][et_pb_row column_structure=&#8221;3_5,2_5&#8243; make_equal=&#8221;on&#8221; custom_padding_last_edited=&#8221;on|tablet&#8221; _builder_version=&#8221;4.27.4&#8243; _module_preset=&#8221;default&#8221; width_tablet=&#8221;&#8221; width_phone=&#8221;90%&#8221; width_last_edited=&#8221;on|phone&#8221; custom_padding_tablet=&#8221;0px||||false|false&#8221; custom_padding_phone=&#8221;&#8221; custom_css_main_element=&#8221;align-items:center;&#8221; global_colors_info=&#8221;{}&#8221;][et_pb_column type=&#8221;3_5&#8243; _builder_version=&#8221;4.27.4&#8243; _module_preset=&#8221;default&#8221; global_colors_info=&#8221;{}&#8221;][et_pb_text _builder_version=&#8221;4.27.4&#8243; _module_preset=&#8221;default&#8221; header_2_font=&#8221;&#8211;et_global_heading_font|600|||||||&#8221; custom_margin_tablet=&#8221;&#8221; custom_margin_phone=&#8221;||0px||false|false&#8221; custom_margin_last_edited=&#8221;on|phone&#8221; header_2_text_align_tablet=&#8221;center&#8221; header_2_text_align_phone=&#8221;center&#8221; header_2_text_align_last_edited=&#8221;on|tablet&#8221; global_colors_info=&#8221;{}&#8221;]<\/p>\n<h2>T\u00e9moignages \u2013 Ce que nos clients disent de nos services de soins infirmiers priv\u00e9s \u00e0 Montr\u00e9al<\/h2>\n<p>[\/et_pb_text][et_pb_code disabled_on=&#8221;on|on|on&#8221; _builder_version=&#8221;4.27.4&#8243; _module_preset=&#8221;default&#8221; disabled=&#8221;on&#8221; locked=&#8221;off&#8221; global_colors_info=&#8221;{}&#8221;]<script type=\"application\/ld+json\"><!-- [et_pb_line_break_holder] -->{<!-- [et_pb_line_break_holder] -->  \"@context\": \"https:\/\/schema.org\/\",<!-- [et_pb_line_break_holder] -->  \"@type\": \"Review\",<!-- [et_pb_line_break_holder] -->  \"itemReviewed\": {<!-- [et_pb_line_break_holder] -->    \"@type\": \"LocalBusiness\",<!-- [et_pb_line_break_holder] -->    \"name\": \"Private Nursing Care in Montreal - A+ Solutions Home Health Care\"<!-- [et_pb_line_break_holder] -->  },<!-- [et_pb_line_break_holder] -->  \"reviewRating\": {<!-- [et_pb_line_break_holder] -->    \"@type\": \"Rating\",<!-- [et_pb_line_break_holder] -->    \"ratingValue\": \"5\",<!-- [et_pb_line_break_holder] -->    \"bestRating\": \"5\"<!-- [et_pb_line_break_holder] -->  },<!-- [et_pb_line_break_holder] -->  \"author\": {<!-- [et_pb_line_break_holder] -->    \"@type\": \"Person\",<!-- [et_pb_line_break_holder] -->    \"name\": \"Olivia\"<!-- [et_pb_line_break_holder] -->  },<!-- [et_pb_line_break_holder] -->  \"reviewBody\": \"After my knee surgery, the transition home was overwhelming. The private nursing team at A+ Solutions was a lifesaver. They handled my wound care and medication with such professionalism that it gave my family total peace of mind. Highly recommend their post-surgery support in Montreal!\"<!-- [et_pb_line_break_holder] -->}<!-- [et_pb_line_break_holder] --><\/script>[\/et_pb_code][\/et_pb_column][et_pb_column type=&#8221;2_5&#8243; _builder_version=&#8221;4.27.4&#8243; _module_preset=&#8221;default&#8221; global_colors_info=&#8221;{}&#8221;][et_pb_button button_url=&#8221;@ET-DC@eyJkeW5hbWljIjp0cnVlLCJjb250ZW50IjoicG9zdF9saW5rX3VybF9wYWdlIiwic2V0dGluZ3MiOnsicG9zdF9pZCI6Ijc1ODAifX0=@&#8221; button_text=&#8221;Lire plus de t\u00e9moignages&#8221; button_alignment=&#8221;right&#8221; button_alignment_tablet=&#8221;center&#8221; button_alignment_phone=&#8221;center&#8221; button_alignment_last_edited=&#8221;on|tablet&#8221; _builder_version=&#8221;4.27.4&#8243; _dynamic_attributes=&#8221;button_url&#8221; _module_preset=&#8221;default&#8221; global_colors_info=&#8221;{}&#8221;][\/et_pb_button][\/et_pb_column][\/et_pb_row][et_pb_row column_structure=&#8221;1_3,1_3,1_3&#8243; custom_padding_last_edited=&#8221;on|tablet&#8221; _builder_version=&#8221;4.27.4&#8243; _module_preset=&#8221;default&#8221; width=&#8221;60%&#8221; width_tablet=&#8221;60%&#8221; width_phone=&#8221;90%&#8221; width_last_edited=&#8221;on|tablet&#8221; max_width=&#8221;970px&#8221; custom_padding_tablet=&#8221;0px||0px||true|false&#8221; custom_padding_phone=&#8221;&#8221; locked=&#8221;off&#8221; global_colors_info=&#8221;{}&#8221;][et_pb_column type=&#8221;1_3&#8243; _builder_version=&#8221;4.27.4&#8243; _module_preset=&#8221;default&#8221; global_colors_info=&#8221;{}&#8221;][et_pb_text disabled_on=&#8221;on|on|on&#8221; _builder_version=&#8221;4.27.4&#8243; _module_preset=&#8221;default&#8221; text_orientation_tablet=&#8221;center&#8221; text_orientation_phone=&#8221;center&#8221; text_orientation_last_edited=&#8221;on|tablet&#8221; disabled=&#8221;on&#8221; global_colors_info=&#8221;{}&#8221;]  <section class=\"Home_Testimonials\">\n    <div class=\"test-container\">\n        <div class=\"row\">\n            <div class=\"col-md-10 offset-md-1 col-sm-12 offset-sm-0\">\n                <div class=\"testimonial-slider owl-carousel\"> <!-- Added owl-carousel class -->\n                                            <div class=\"home-testimonial-box\">\n                            <div class=\"img\">\n                                                                    <img decoding=\"async\" class=\"img-fluid\" src=\"https:\/\/www.aplushomecare.ca\/wp-content\/uploads\/2025\/03\/Layer-130-1.webp\" alt=\"Cindy\" title=\"\">\n                                                            <\/div>\n                            <div class=\"text\">  \n    \t\t\t\t\t\t<p><p>Mon premier contact avec A Plus Solutions a eu lieu il y a deux ans car je ne voulais pas perdre mon temps dans une salle d&#8217;attente pour mes analyses de sang et d&#8217;urine. L&#8217;infirmi\u00e8re visiteuse \u00e9tait excellente et elle ne manquait jamais de mes petites veines difficiles. Mon m\u00e9decin et moi-m\u00eame recevons toujours mes [&hellip;]<\/p>\n<\/p>\n                               <div class=\"name\">\n\t\t\t\t\t\t\t\t   <span class=\"h3\">Cindy<\/span>\n                                    <img decoding=\"async\" src=\"https:\/\/www.aplushomecare.ca\/wp-content\/themes\/Divi_Child\/img\/starts.webp\" alt=\"Stars\" title=\"\">\n                                <\/div>\n                            <\/div>\n                        <\/div>\n                                            <div class=\"home-testimonial-box\">\n                            <div class=\"img\">\n                                                                    <img decoding=\"async\" class=\"img-fluid\" src=\"https:\/\/www.aplushomecare.ca\/wp-content\/uploads\/2025\/03\/Layer-130-1.webp\" alt=\"Amit Ray\" title=\"\">\n                                                            <\/div>\n                            <div class=\"text\">  \n    \t\t\t\t\t\t<p><p>GARDE LA T\u00caTE HAUTE ET SOIS PATIENT. &#8220;Peu importe le temps que tu passes sur Terre, l&#8217;argent que tu as amass\u00e9 ou l&#8217;attention que tu as re\u00e7ue. Ce qui compte, c&#8217;est la quantit\u00e9 de vibrations positives que tu as rayonn\u00e9es dans la vie.&#8221;<\/p>\n<\/p>\n                               <div class=\"name\">\n\t\t\t\t\t\t\t\t   <span class=\"h3\">Amit Ray<\/span>\n                                    <img decoding=\"async\" src=\"https:\/\/www.aplushomecare.ca\/wp-content\/themes\/Divi_Child\/img\/starts.webp\" alt=\"Stars\" title=\"\">\n                                <\/div>\n                            <\/div>\n                        <\/div>\n                                            <div class=\"home-testimonial-box\">\n                            <div class=\"img\">\n                                                                    <img decoding=\"async\" class=\"img-fluid\" src=\"https:\/\/www.aplushomecare.ca\/wp-content\/uploads\/2025\/03\/user-img.webp\" alt=\"Isabel\" title=\"\">\n                                                            <\/div>\n                            <div class=\"text\">  \n    \t\t\t\t\t\t<p><p>MERCI MERCI BEAUCOUP ! &#8220;Ma famille et moi tenons \u00e0 remercier sinc\u00e8rement tout le personnel d\u2019A+ SOLUTIONS HEALTH CARE pour l\u2019aide et le soutien qu\u2019ils nous ont apport\u00e9s en prenant soin de nos parents. Vivre dans une autre ville tout en s\u2019occupant d\u2019une jeune famille est d\u00e9j\u00e0 tr\u00e8s difficile, mais savoir que papa et maman [&hellip;]<\/p>\n<\/p>\n                               <div class=\"name\">\n\t\t\t\t\t\t\t\t   <span class=\"h3\">Isabel<\/span>\n                                    <img decoding=\"async\" src=\"https:\/\/www.aplushomecare.ca\/wp-content\/themes\/Divi_Child\/img\/starts.webp\" alt=\"Stars\" title=\"\">\n                                <\/div>\n                            <\/div>\n                        <\/div>\n                                            <div class=\"home-testimonial-box\">\n                            <div class=\"img\">\n                                                                    <img decoding=\"async\" class=\"img-fluid\" src=\"https:\/\/www.aplushomecare.ca\/wp-content\/uploads\/2025\/03\/user-img.webp\" alt=\"Anya\" title=\"\">\n                                                            <\/div>\n                            <div class=\"text\">  \n    \t\t\t\t\t\t<p><p>FILLE D&#8217;UN CLIENT \u00c0 VANCOUVER, COLOMBIE-BRITANNIQUE, CANADA \u201cIl y a trois mois, mon fr\u00e8re et moi avons r\u00e9alis\u00e9 que notre p\u00e8re ne r\u00e9pondait plus au t\u00e9l\u00e9phone et ne nous rappelait pas. Pourtant, il n\u2019a jamais \u00e9t\u00e9 du genre \u00e0 \u00e9viter nos appels ou \u00e0 h\u00e9siter \u00e0 nous dire ce qu\u2019il pense. Nous savions qu\u2019il n\u2019avait [&hellip;]<\/p>\n<\/p>\n                               <div class=\"name\">\n\t\t\t\t\t\t\t\t   <span class=\"h3\">Anya<\/span>\n                                    <img decoding=\"async\" src=\"https:\/\/www.aplushomecare.ca\/wp-content\/themes\/Divi_Child\/img\/starts.webp\" alt=\"Stars\" title=\"\">\n                                <\/div>\n                            <\/div>\n                        <\/div>\n                                            <div class=\"home-testimonial-box\">\n                            <div class=\"img\">\n                                                                    <img decoding=\"async\" class=\"img-fluid\" src=\"https:\/\/www.aplushomecare.ca\/wp-content\/uploads\/2025\/03\/user-img.webp\" alt=\"Denise Morgan-Thomas\" title=\"\">\n                                                            <\/div>\n                            <div class=\"text\">  \n    \t\t\t\t\t\t<p><p>ILS ONT AID\u00c9 MON P\u00c8RE \u00c0 RESTER ACTIF ET EN S\u00c9CURIT\u00c9 PENDANT SA R\u00c9CUP\u00c9RATION. Mon p\u00e8re est actuellement en convalescence apr\u00e8s un AVC r\u00e9cent. Cela a \u00e9t\u00e9 difficile pour ma s\u0153ur et moi, car nous avons un travail \u00e0 temps plein et quatre enfants \u00e0 nous occuper chaque jour. Nous sommes tellement reconnaissants d\u2019avoir trouv\u00e9 [&hellip;]<\/p>\n<\/p>\n                               <div class=\"name\">\n\t\t\t\t\t\t\t\t   <span class=\"h3\">Denise Morgan-Thomas<\/span>\n                                    <img decoding=\"async\" src=\"https:\/\/www.aplushomecare.ca\/wp-content\/themes\/Divi_Child\/img\/starts.webp\" alt=\"Stars\" title=\"\">\n                                <\/div>\n                            <\/div>\n                        <\/div>\n                                    <\/div>\n\n                <!-- Custom Navigation Buttons -->\n                \n            <\/div>\n        <\/div>\n    <\/div>\n<\/section>\n<div class=\"custom-nav testimonial_nav\">\n\t<button class=\"prev-btn\">\u276e<\/button>\n\t<button class=\"next-btn\">\u276f<\/button>\n<\/div>\n\n        [\/et_pb_text][et_pb_testimonial author=&#8221;Olivia Bouchard&#8221; company_name=&#8221;Mont-Royal, Montreal \/\/ Source: Google Reviews \u2605\u2605\u2605\u2605\u2605&#8221; portrait_url=&#8221;https:\/\/www.aplushomecare.ca\/wp-content\/uploads\/2026\/04\/woman.webp&#8221; _builder_version=&#8221;4.27.4&#8243; _module_preset=&#8221;default&#8221; body_font=&#8221;Open Sans||||||||&#8221; body_text_color=&#8221;#333333&#8243; body_font_size=&#8221;16px&#8221; author_font=&#8221;Montserrat|700|||||||&#8221; author_text_color=&#8221;#1a365d&#8221; author_font_size=&#8221;15px&#8221; company_font_size=&#8221;15px&#8221; global_colors_info=&#8221;{}&#8221;]\u00ab Apr\u00e8s mon op\u00e9ration au genou, le retour \u00e0 la maison \u00e9tait difficile \u00e0 g\u00e9rer. L\u2019\u00e9quipe de soins infirmiers priv\u00e9s d\u2019A+ Solutions m\u2019a \u00e9t\u00e9 d\u2019une aide pr\u00e9cieuse. Le personnel infirmier s\u2019est occup\u00e9 de mes soins de plaies et de mes m\u00e9dicaments avec beaucoup de professionnalisme, ce qui a vraiment rassur\u00e9 toute ma famille. Je recommande vivement leurs services de soins postop\u00e9ratoires \u00e0 domicile \u00e0 Montr\u00e9al! \u00bb[\/et_pb_testimonial][\/et_pb_column][et_pb_column type=&#8221;1_3&#8243; _builder_version=&#8221;4.27.4&#8243; _module_preset=&#8221;default&#8221; global_colors_info=&#8221;{}&#8221;][et_pb_testimonial author=&#8221;Moudi AR&#8221; company_name=&#8221;Montreal, QC \/\/ Source: Google Reviews \u2605\u2605\u2605\u2605\u2605&#8221; _builder_version=&#8221;4.27.4&#8243; _module_preset=&#8221;default&#8221; body_font=&#8221;Open Sans||||||||&#8221; body_text_color=&#8221;#333333&#8243; body_font_size=&#8221;16px&#8221; author_font=&#8221;Montserrat|700|||||||&#8221; author_text_color=&#8221;#1a365d&#8221; author_font_size=&#8221;15px&#8221; company_font_size=&#8221;15px&#8221; locked=&#8221;off&#8221; global_colors_info=&#8221;{}&#8221;]\u00ab J\u2019ai r\u00e9cemment re\u00e7u des soins \u00e0 domicile d\u2019A+ Solutions apr\u00e8s une intervention chirurgicale et je suis extr\u00eamement satisfait des services re\u00e7us. L\u2019infirmi\u00e8re, l\u2019infirmi\u00e8re auxiliaire et la pr\u00e9pos\u00e9e aux soins \u00e0 domicile qui se sont occup\u00e9es de moi \u00e9taient toutes comp\u00e9tentes, attentionn\u00e9es, bienveillantes et tr\u00e8s professionnelles. Je me suis toujours senti en s\u00e9curit\u00e9 et entre de bonnes mains. Je recommande vivement A+ Solutions \u00e0 toute personne qui recherche d\u2019excellents soins \u00e0 domicile! \u00bb[\/et_pb_testimonial][\/et_pb_column][et_pb_column type=&#8221;1_3&#8243; _builder_version=&#8221;4.27.4&#8243; _module_preset=&#8221;default&#8221; global_colors_info=&#8221;{}&#8221;][et_pb_testimonial author=&#8221;Dorna&#8221; company_name=&#8221;Pointe Claire, QC \/\/ Source: Google Reviews \u2605\u2605\u2605\u2605\u2605&#8221; portrait_url=&#8221;https:\/\/www.aplushomecare.ca\/wp-content\/uploads\/2026\/04\/woman.webp&#8221; _builder_version=&#8221;4.27.4&#8243; _module_preset=&#8221;default&#8221; body_font=&#8221;Open Sans||||||||&#8221; body_text_color=&#8221;#333333&#8243; body_font_size=&#8221;16px&#8221; author_font=&#8221;Montserrat|700|||||||&#8221; author_text_color=&#8221;#1a365d&#8221; author_font_size=&#8221;15px&#8221; company_font_size=&#8221;15px&#8221; locked=&#8221;off&#8221; global_colors_info=&#8221;{}&#8221;]\u00ab Nous sommes tr\u00e8s satisfaits du service et de la merveilleuse infirmi\u00e8re qui accomplit son travail avec c\u0153ur, passion et bienveillance. Nous recommandons vivement A+ Solutions! \u00bb[\/et_pb_testimonial][\/et_pb_column][\/et_pb_row][\/et_pb_section][et_pb_section fb_built=&#8221;1&#8243; custom_padding_last_edited=&#8221;on|tablet&#8221; _builder_version=&#8221;4.27.4&#8243; _module_preset=&#8221;default&#8221; custom_padding=&#8221;0px||0px||true|false&#8221; custom_padding_tablet=&#8221;50px||50px||true|false&#8221; custom_padding_phone=&#8221;50px||50px||true|false&#8221; locked=&#8221;off&#8221; global_colors_info=&#8221;{}&#8221;][et_pb_row column_structure=&#8221;2_3,1_3&#8243; use_custom_gutter=&#8221;on&#8221; gutter_width=&#8221;2&#8243; custom_padding_last_edited=&#8221;on|desktop&#8221; _builder_version=&#8221;4.27.4&#8243; _module_preset=&#8221;default&#8221; width_tablet=&#8221;&#8221; width_phone=&#8221;90%&#8221; width_last_edited=&#8221;on|phone&#8221; custom_padding=&#8221;0px||0px||true|false&#8221; custom_padding_tablet=&#8221;0px||0px||true|false&#8221; custom_padding_phone=&#8221;0px||0px||true|false&#8221; global_colors_info=&#8221;{}&#8221; custom_css_main_element_last_edited=&#8221;on|tablet&#8221; custom_css_main_element_tablet=&#8221;display:flex;||flex-direction:column-reverse;&#8221; custom_css_main_element_phone=&#8221;display:flex;||flex-direction:column-reverse;&#8221;][et_pb_column type=&#8221;2_3&#8243; _builder_version=&#8221;4.27.4&#8243; _module_preset=&#8221;default&#8221; custom_padding=&#8221;110px||110px||true|false&#8221; custom_padding_tablet=&#8221;20px||0px||false|false&#8221; custom_padding_phone=&#8221;20px||0px||false|false&#8221; custom_padding_last_edited=&#8221;on|phone&#8221; global_colors_info=&#8221;{}&#8221; custom_css_main_element_last_edited=&#8221;on|tablet&#8221; custom_css_main_element_tablet=&#8221;margin-bottom:0px;&#8221; custom_css_main_element_phone=&#8221;margin-bottom:0px;&#8221;][et_pb_text _builder_version=&#8221;4.27.4&#8243; _module_preset=&#8221;default&#8221; custom_margin=&#8221;||0px||false|false&#8221; header_2_text_align_tablet=&#8221;center&#8221; header_2_text_align_phone=&#8221;center&#8221; header_2_text_align_last_edited=&#8221;on|tablet&#8221; text_orientation_tablet=&#8221;left&#8221; text_orientation_phone=&#8221;left&#8221; text_orientation_last_edited=&#8221;on|tablet&#8221; locked=&#8221;off&#8221; global_colors_info=&#8221;{}&#8221;]<\/p>\n<h2>Soins infirmiers priv\u00e9s \u00e0 Montr\u00e9al : questions fr\u00e9quentes<\/h2>\n<p>[\/et_pb_text][et_pb_text _builder_version=&#8221;4.27.4&#8243; _module_preset=&#8221;default&#8221; custom_margin=&#8221;||10px||false|false&#8221; text_orientation_tablet=&#8221;center&#8221; text_orientation_phone=&#8221;left&#8221; text_orientation_last_edited=&#8221;on|tablet&#8221; locked=&#8221;off&#8221; global_colors_info=&#8221;{}&#8221;]Vous avez des questions sur les <strong>soins infirmiers priv\u00e9s \u00e0 Montr\u00e9al<\/strong>? Vous trouverez ci-dessous les r\u00e9ponses aux questions les plus fr\u00e9quentes concernant les <strong>soins infirmiers \u00e0 domicile<\/strong>, l\u2019adh\u00e9sion \u00e0 l\u2019<strong>OIIQ\/OIIAQ<\/strong>, la <strong>couverture d\u2019assurance<\/strong>, les solutions compl\u00e9mentaires ou alternatives aux services du <strong>CLSC<\/strong>, les <strong>secteurs desservis<\/strong> et la fa\u00e7on de <strong>r\u00e9server une visite d\u2019une infirmi\u00e8re priv\u00e9e \u00e0 domicile avec A+ Solutions<\/strong>. Si le soin infirmier dont vous avez besoin ne figure pas dans cette FAQ, communiquez avec notre <strong>agence de soins infirmiers \u00e0 Montr\u00e9al<\/strong> pour une consultation gratuite.[\/et_pb_text][et_pb_divider divider_weight=&#8221;5px&#8221; _builder_version=&#8221;4.27.4&#8243; _module_preset=&#8221;default&#8221; width=&#8221;11%&#8221; height=&#8221;5px&#8221; custom_margin=&#8221;||10px||false|false&#8221; module_alignment_tablet=&#8221;center&#8221; module_alignment_phone=&#8221;center&#8221; module_alignment_last_edited=&#8221;on|tablet&#8221; locked=&#8221;off&#8221; global_colors_info=&#8221;{}&#8221;][\/et_pb_divider][et_pb_accordion closed_toggle_background_color=&#8221;RGBA(255,255,255,0)&#8221; toggle_icon=&#8221;&#x4c;||divi||400&#8243; icon_color=&#8221;gcid-7baf000c-c226-4504-8f2c-6dd92b192d4d&#8221; module_class=&#8221;transparent_faq greater_list&#8221; _builder_version=&#8221;4.27.4&#8243; _module_preset=&#8221;default&#8221; toggle_text_color=&#8221;#000000&#8243; toggle_font=&#8221;&#8211;et_global_body_font|500|||||||&#8221; toggle_font_size=&#8221;16px&#8221; toggle_line_height=&#8221;1.3em&#8221; custom_margin=&#8221;0px|0px|0px|0px|true|true&#8221; custom_padding=&#8221;0px|0px|0px|0px|true|true&#8221; hover_enabled=&#8221;0&#8243; toggle_text_align_tablet=&#8221;left&#8221; toggle_text_align_phone=&#8221;left&#8221; toggle_text_align_last_edited=&#8221;on|phone&#8221; body_text_align_tablet=&#8221;left&#8221; body_text_align_phone=&#8221;left&#8221; body_text_align_last_edited=&#8221;on|tablet&#8221; border_width_all=&#8221;0px&#8221; border_width_bottom=&#8221;1px&#8221; global_colors_info=&#8221;{%22gcid-7baf000c-c226-4504-8f2c-6dd92b192d4d%22:%91%22icon_color%22%93}&#8221; sticky_enabled=&#8221;0&#8243;][et_pb_accordion_item title=&#8221;1. Quels types de soins infirmiers priv\u00e9s offrez-vous \u00e0 Montr\u00e9al ?&#8221; open=&#8221;on&#8221; _builder_version=&#8221;4.27.4&#8243; _module_preset=&#8221;default&#8221; hover_enabled=&#8221;0&#8243; global_colors_info=&#8221;{}&#8221; toggle_level=&#8221;h3&#8243; sticky_enabled=&#8221;0&#8243;]<\/p>\n<p>A+ Solutions offre des <strong>soins infirmiers priv\u00e9s \u00e0 Montr\u00e9al<\/strong> pour r\u00e9pondre \u00e0 divers besoins m\u00e9dicaux non urgents, directement au domicile du patient, en r\u00e9sidence pour a\u00een\u00e9s ou dans tout autre milieu de soins appropri\u00e9. Nos <strong>infirmi\u00e8res membres de l\u2019OIIQ<\/strong> et nos <strong>infirmi\u00e8res auxiliaires membres de l\u2019OIIAQ<\/strong> peuvent notamment offrir des soins de plaies, un suivi postop\u00e9ratoire, des injections, de l\u2019aide \u00e0 la gestion des m\u00e9dicaments, des <a href=\"https:\/\/www.aplushomecare.ca\/fr\/prise-de-sang-a-domicile\/\">prises de sang \u00e0 domicile et autres pr\u00e9l\u00e8vements<\/a>, des soins palliatifs, des soins de cath\u00e9ter et de stomie, le suivi des maladies chroniques, des \u00e9valuations de sant\u00e9 \u00e0 domicile ainsi que des soins \u00e0 la m\u00e8re et au nouveau-n\u00e9.<\/p>\n<p>[\/et_pb_accordion_item][et_pb_accordion_item title=&#8221; 2. Votre personnel infirmier est-il autoris\u00e9 \u00e0 exercer au Qu\u00e9bec ?&#8221; _builder_version=&#8221;4.27.4&#8243; _module_preset=&#8221;default&#8221; hover_enabled=&#8221;0&#8243; global_colors_info=&#8221;{}&#8221; toggle_level=&#8221;h3&#8243; open=&#8221;off&#8221; sticky_enabled=&#8221;0&#8243;]<\/p>\n<p>Oui. A+ Solutions travaille avec des <strong>infirmi\u00e8res et des infirmi\u00e8res auxiliaires autoris\u00e9es \u00e0 exercer au Qu\u00e9bec<\/strong> et membres de leur ordre professionnel respectif. Les <strong>infirmi\u00e8res sont encadr\u00e9es par l\u2019Ordre des infirmi\u00e8res et infirmiers du Qu\u00e9bec (OIIQ)<\/strong>, tandis que les <strong>infirmi\u00e8res auxiliaires sont encadr\u00e9es par l\u2019Ordre des infirmi\u00e8res et infirmiers auxiliaires du Qu\u00e9bec (OIIAQ)<\/strong>. Notre personnel infirmier offre des soins adapt\u00e9s aux besoins du patient, \u00e0 son plan de soins et au champ d\u2019exercice professionnel applicable.<\/p>\n<p>[\/et_pb_accordion_item][et_pb_accordion_item title=&#8221;3. Ai-je besoin d\u2019une ordonnance ou d\u2019une r\u00e9f\u00e9rence m\u00e9dicale pour recevoir des soins infirmiers priv\u00e9s ?&#8221; _builder_version=&#8221;4.27.4&#8243; _module_preset=&#8221;default&#8221; hover_enabled=&#8221;0&#8243; global_colors_info=&#8221;{}&#8221; open=&#8221;off&#8221; toggle_level=&#8221;h3&#8243; sticky_enabled=&#8221;0&#8243;]<\/p>\n<p>Une r\u00e9f\u00e9rence m\u00e9dicale n\u2019est pas toujours n\u00e9cessaire pour recevoir des <strong>soins infirmiers priv\u00e9s \u00e0 domicile<\/strong>, mais certains soins peuvent n\u00e9cessiter une ordonnance ou des directives d\u2019un professionnel de la sant\u00e9 autoris\u00e9. Pour certains services, notamment les injections, les traitements intraveineux, certains soins de plaies, l\u2019administration de m\u00e9dicaments, les <strong>prises de sang \u00e0 domicile<\/strong> ou les soins postop\u00e9ratoires, une ordonnance, un r\u00e9sum\u00e9 de cong\u00e9 de l\u2019h\u00f4pital ou des directives m\u00e9dicales peuvent \u00eatre requis. Si vous ne savez pas quels documents sont n\u00e9cessaires, A+ Solutions peut examiner votre situation lors de la <strong>consultation gratuite<\/strong>.<\/p>\n<p>[\/et_pb_accordion_item][et_pb_accordion_item title=&#8221;4. Pourquoi choisir une infirmi\u00e8re priv\u00e9e plut\u00f4t que les services d\u2019un CLSC ?&#8221; _builder_version=&#8221;4.27.4&#8243; _module_preset=&#8221;default&#8221; hover_enabled=&#8221;0&#8243; global_colors_info=&#8221;{}&#8221; toggle_level=&#8221;h3&#8243; open=&#8221;off&#8221; sticky_enabled=&#8221;0&#8243;]<\/p>\n<p>Une <strong>infirmi\u00e8re priv\u00e9e \u00e0 domicile<\/strong> peut \u00eatre une excellente option lorsque vous avez besoin d\u2019un horaire flexible, d\u2019un acc\u00e8s plus rapide \u00e0 des soins planifi\u00e9s ou de soins infirmiers \u00e0 domicile adapt\u00e9s \u00e0 vos disponibilit\u00e9s et \u00e0 votre lieu de r\u00e9sidence. Les services des <strong>CLSC<\/strong> jouent un r\u00f4le essentiel dans le r\u00e9seau public de sant\u00e9 du Qu\u00e9bec, mais l\u2019admissibilit\u00e9, les disponibilit\u00e9s, la fr\u00e9quence des visites et les d\u00e9lais d\u2019acc\u00e8s peuvent varier selon la situation. Les <strong>soins infirmiers priv\u00e9s<\/strong> peuvent compl\u00e9ter les services publics pour r\u00e9pondre \u00e0 des besoins m\u00e9dicaux non urgents, notamment les soins de plaies, la r\u00e9cup\u00e9ration postop\u00e9ratoire, les injections, le soutien \u00e0 la m\u00e9dication, les <strong>prises de sang \u00e0 domicile<\/strong>, les soins palliatifs et le suivi continu de l\u2019\u00e9tat de sant\u00e9.<\/p>\n<p>[\/et_pb_accordion_item][et_pb_accordion_item title=&#8221;5. Offrez-vous des soins infirmiers \u00e0 Laval et dans l\u2019Ouest-de-l\u2019\u00cele ?&#8221; _builder_version=&#8221;4.27.4&#8243; _module_preset=&#8221;default&#8221; hover_enabled=&#8221;0&#8243; global_colors_info=&#8221;{}&#8221; toggle_level=&#8221;h3&#8243; open=&#8221;off&#8221; sticky_enabled=&#8221;0&#8243;]<\/p>\n<p>Oui. A+ Solutions offre des <strong>soins infirmiers priv\u00e9s \u00e0 domicile \u00e0 Montr\u00e9al, dans l\u2019Ouest-de-l\u2019\u00cele, \u00e0 Laval, \u00e0 Longueuil et dans les communaut\u00e9s avoisinantes<\/strong>. Notre personnel infirmier peut se d\u00e9placer au domicile du patient, dans une r\u00e9sidence pour a\u00een\u00e9s, dans un milieu de convalescence ou dans tout autre lieu de soins appropri\u00e9, selon le type de service requis et les disponibilit\u00e9s.<\/p>\n<p>[\/et_pb_accordion_item][et_pb_accordion_item title=&#8221;6. Comment prendre rendez-vous pour une visite d\u2019une infirmi\u00e8re priv\u00e9e \u00e0 domicile ?&#8221; _builder_version=&#8221;4.27.4&#8243; _module_preset=&#8221;default&#8221; hover_enabled=&#8221;0&#8243; global_colors_info=&#8221;{}&#8221; toggle_level=&#8221;h3&#8243; open=&#8221;off&#8221; sticky_enabled=&#8221;0&#8243;]<\/p>\n<p>Pour prendre rendez-vous pour une <strong>visite d\u2019une infirmi\u00e8re priv\u00e9e \u00e0 domicile<\/strong>, communiquez avec A+ Solutions pour une consultation gratuite. Indiquez-nous les besoins en soins du patient ainsi que le lieu o\u00f9 les soins doivent \u00eatre offerts. Notre \u00e9quipe \u00e9valuera ensuite les besoins et confirmera avec vous la date et l\u2019heure du rendez-vous. Si vous avez une <strong>ordonnance m\u00e9dicale, une r\u00e9f\u00e9rence, des directives de cong\u00e9 de l\u2019h\u00f4pital ou un plan de soins<\/strong>, vous pouvez nous transmettre ces documents avant la visite afin que le personnel infirmier puisse se pr\u00e9parer ad\u00e9quatement aux soins requis.<\/p>\n<p>[\/et_pb_accordion_item][et_pb_accordion_item title=&#8221;7. Puis-je obtenir la visite d\u2019une infirmi\u00e8re priv\u00e9e \u00e0 domicile le jour m\u00eame ?&#8221; _builder_version=&#8221;4.27.4&#8243; _module_preset=&#8221;default&#8221; hover_enabled=&#8221;0&#8243; global_colors_info=&#8221;{}&#8221; open=&#8221;off&#8221; toggle_level=&#8221;h3&#8243; sticky_enabled=&#8221;0&#8243;]<\/p>\n<p>Une <strong>visite d\u2019une infirmi\u00e8re priv\u00e9e \u00e0 domicile le jour m\u00eame<\/strong> peut \u00eatre possible selon le type de soins requis, la disponibilit\u00e9 du personnel infirmier, votre secteur et la disponibilit\u00e9 des ordonnances ou directives m\u00e9dicales n\u00e9cessaires. Pour un besoin <strong>urgent, mais non m\u00e9dicalement urgent<\/strong>, communiquez avec A+ Solutions le plus t\u00f4t possible afin que nous puissions v\u00e9rifier les disponibilit\u00e9s dans votre secteur. Si la situation met la vie en danger ou n\u00e9cessite des soins m\u00e9dicaux d\u2019urgence, <strong>appelez le 911 ou rendez-vous au service d\u2019urgence le plus proche<\/strong>.<\/p>\n<p>[\/et_pb_accordion_item][et_pb_accordion_item title=&#8221;8. Combien co\u00fbtent les soins infirmiers priv\u00e9s \u00e0 Montr\u00e9al ?&#8221; _builder_version=&#8221;4.27.4&#8243; _module_preset=&#8221;default&#8221; hover_enabled=&#8221;0&#8243; global_colors_info=&#8221;{}&#8221; open=&#8221;off&#8221; toggle_level=&#8221;h3&#8243; sticky_enabled=&#8221;0&#8243;]<\/p>\n<p>Le <strong>co\u00fbt des soins infirmiers priv\u00e9s \u00e0 Montr\u00e9al<\/strong> varie selon le type de soins requis, la dur\u00e9e de la visite, le secteur desservi, la complexit\u00e9 des soins et la fr\u00e9quence des services, qu\u2019il s\u2019agisse d\u2019une visite ponctuelle, de visites r\u00e9guli\u00e8res, de soins de nuit ou de <strong>soins infirmiers 24 h\/24 et 7 j\/7<\/strong>. Apr\u00e8s avoir \u00e9valu\u00e9 les besoins du patient lors de la consultation, A+ Solutions vous fournit les renseignements sur les tarifs applicables. Selon votre r\u00e9gime et les conditions de votre couverture, <strong>certains services de soins infirmiers priv\u00e9s peuvent \u00eatre admissibles \u00e0 un remboursement par votre assurance priv\u00e9e<\/strong>. Les documents ou re\u00e7us requis peuvent \u00eatre fournis lorsque applicable.<\/p>\n<p>[\/et_pb_accordion_item][et_pb_accordion_item title=&#8221;9. Vos services de soins infirmiers sont-ils couverts par les assurances priv\u00e9es au Qu\u00e9bec ?&#8221; _builder_version=&#8221;4.27.4&#8243; _module_preset=&#8221;default&#8221; hover_enabled=&#8221;0&#8243; global_colors_info=&#8221;{}&#8221; toggle_level=&#8221;h3&#8243; open=&#8221;off&#8221; sticky_enabled=&#8221;0&#8243;]<\/p>\n<p>Les <strong>soins infirmiers priv\u00e9s peuvent \u00eatre couverts par certains r\u00e9gimes d\u2019assurance priv\u00e9e au Qu\u00e9bec<\/strong>, selon votre contrat d\u2019assurance, les soins m\u00e9dicaux requis et les documents exig\u00e9s par votre assureur. A+ Solutions peut fournir des <strong>re\u00e7us pour les services admissibles<\/strong>. Avant de prendre rendez-vous, nous vous recommandons de v\u00e9rifier aupr\u00e8s de votre compagnie d\u2019assurance si les <strong>soins infirmiers priv\u00e9s \u00e0 domicile<\/strong>, les prises de sang \u00e0 domicile, les soins de plaies, les injections ou les soins postop\u00e9ratoires \u00e0 domicile sont admissibles \u00e0 un remboursement selon votre r\u00e9gime.<\/p>\n<p>[\/et_pb_accordion_item][et_pb_accordion_item title=&#8221;10. Les soins infirmiers priv\u00e9s sont-ils couverts par la RAMQ ?&#8221; _builder_version=&#8221;4.27.4&#8243; _module_preset=&#8221;default&#8221; hover_enabled=&#8221;0&#8243; global_colors_info=&#8221;{}&#8221; open=&#8221;off&#8221; toggle_level=&#8221;h3&#8243; sticky_enabled=&#8221;0&#8243;]<\/p>\n<p>Les <strong>soins infirmiers priv\u00e9s offerts par une agence priv\u00e9e ne sont g\u00e9n\u00e9ralement pas couverts par la RAMQ<\/strong>. Certains patients peuvent \u00eatre admissibles \u00e0 des <strong>services de soins \u00e0 domicile financ\u00e9s par le r\u00e9seau public par l\u2019interm\u00e9diaire d\u2019un CLSC<\/strong>, tandis que d\u2019autres choisissent les soins infirmiers priv\u00e9s pour b\u00e9n\u00e9ficier d\u2019un acc\u00e8s plus rapide, d\u2019horaires plus flexibles ou d\u2019un soutien suppl\u00e9mentaire \u00e0 domicile. Si vous avez une <strong>assurance priv\u00e9e ou collective<\/strong>, certains soins infirmiers \u00e0 domicile peuvent \u00eatre admissibles \u00e0 un remboursement lorsqu\u2019ils r\u00e9pondent aux crit\u00e8res de votre r\u00e9gime et que les documents requis sont fournis.<\/p>\n<p>[\/et_pb_accordion_item][\/et_pb_accordion][et_pb_code disabled_on=&#8221;on|on|on&#8221; _builder_version=&#8221;4.27.4&#8243; _module_preset=&#8221;default&#8221; disabled=&#8221;on&#8221; global_colors_info=&#8221;{}&#8221;]<script type=\"application\/ld+json\"><!-- [et_pb_line_break_holder] -->{<!-- [et_pb_line_break_holder] -->  \"@context\": \"https:\/\/schema.org\",<!-- [et_pb_line_break_holder] -->  \"@graph\": [<!-- [et_pb_line_break_holder] -->    {<!-- [et_pb_line_break_holder] -->      \"@type\": [\"MedicalBusiness\", \"LocalBusiness\"],<!-- [et_pb_line_break_holder] -->      \"@id\": \"https:\/\/www.aplushomecare.ca\/#organization\",<!-- [et_pb_line_break_holder] -->      \"name\": \"A+ Solutions Home Health Care\",<!-- [et_pb_line_break_holder] -->      \"alternateName\": \"Aplus Home Care\",<!-- [et_pb_line_break_holder] -->      \"url\": \"https:\/\/www.aplushomecare.ca\/\",<!-- [et_pb_line_break_holder] -->      \"telephone\": \"+1-514-999-8009\",<!-- [et_pb_line_break_holder] -->      \"email\": \"info@aplushomecare.ca\",<!-- [et_pb_line_break_holder] -->      \"areaServed\": [<!-- [et_pb_line_break_holder] -->        { \"@type\": \"City\", \"name\": \"Montreal\" },<!-- [et_pb_line_break_holder] -->        { \"@type\": \"City\", \"name\": \"Laval\" },<!-- [et_pb_line_break_holder] -->        { \"@type\": \"Place\", \"name\": \"West Island\" }<!-- [et_pb_line_break_holder] -->      ],<!-- [et_pb_line_break_holder] -->      \"medicalSpecialty\": [<!-- [et_pb_line_break_holder] -->        \"Nursing\",<!-- [et_pb_line_break_holder] -->        \"Home Health Care\",<!-- [et_pb_line_break_holder] -->        \"Wound Care\",<!-- [et_pb_line_break_holder] -->        \"Post-Operative Care\",<!-- [et_pb_line_break_holder] -->        \"Palliative Care\"<!-- [et_pb_line_break_holder] -->      ],<!-- [et_pb_line_break_holder] -->      \"availableService\": {<!-- [et_pb_line_break_holder] -->        \"@id\": \"https:\/\/www.aplushomecare.ca\/private-nursing-montreal\/#service\"<!-- [et_pb_line_break_holder] -->      }<!-- [et_pb_line_break_holder] -->    },<!-- [et_pb_line_break_holder] -->    {<!-- [et_pb_line_break_holder] -->      \"@type\": \"Service\",<!-- [et_pb_line_break_holder] -->      \"@id\": \"https:\/\/www.aplushomecare.ca\/private-nursing-montreal\/#service\",<!-- [et_pb_line_break_holder] -->      \"name\": \"Private Nursing Care in Montreal\",<!-- [et_pb_line_break_holder] -->      \"serviceType\": \"Private nursing care at home\",<!-- [et_pb_line_break_holder] -->      \"provider\": {<!-- [et_pb_line_break_holder] -->        \"@id\": \"https:\/\/www.aplushomecare.ca\/#organization\"<!-- [et_pb_line_break_holder] -->      },<!-- [et_pb_line_break_holder] -->      \"url\": \"https:\/\/www.aplushomecare.ca\/private-nursing-montreal\/\",<!-- [et_pb_line_break_holder] -->      \"areaServed\": [<!-- [et_pb_line_break_holder] -->        \"Montreal\",<!-- [et_pb_line_break_holder] -->        \"Laval\",<!-- [et_pb_line_break_holder] -->        \"West Island\"<!-- [et_pb_line_break_holder] -->      ],<!-- [et_pb_line_break_holder] -->      \"description\": \"Private nursing care at home in Montreal, Laval, and the West Island by OIIQ\/OIIAQ-licensed nurses for wound care, post-operative recovery, injections, medication support, mobile blood test support, palliative care, and clinical monitoring.\",<!-- [et_pb_line_break_holder] -->      \"serviceOutput\": \"Licensed private nurse home visit for planned, non-emergency nursing care.\"<!-- [et_pb_line_break_holder] -->    },<!-- [et_pb_line_break_holder] -->    {<!-- [et_pb_line_break_holder] -->      \"@type\": \"BreadcrumbList\",<!-- [et_pb_line_break_holder] -->      \"@id\": \"https:\/\/www.aplushomecare.ca\/private-nursing-montreal\/#breadcrumbs\",<!-- [et_pb_line_break_holder] -->      \"itemListElement\": [<!-- [et_pb_line_break_holder] -->        {<!-- [et_pb_line_break_holder] -->          \"@type\": \"ListItem\",<!-- [et_pb_line_break_holder] -->          \"position\": 1,<!-- [et_pb_line_break_holder] -->          \"name\": \"Home\",<!-- [et_pb_line_break_holder] -->          \"item\": \"https:\/\/www.aplushomecare.ca\/\"<!-- [et_pb_line_break_holder] -->        },<!-- [et_pb_line_break_holder] -->        {<!-- [et_pb_line_break_holder] -->          \"@type\": \"ListItem\",<!-- [et_pb_line_break_holder] -->          \"position\": 2,<!-- [et_pb_line_break_holder] -->          \"name\": \"Services\",<!-- [et_pb_line_break_holder] -->          \"item\": \"https:\/\/www.aplushomecare.ca\/services\/\"<!-- [et_pb_line_break_holder] -->        },<!-- [et_pb_line_break_holder] -->        {<!-- [et_pb_line_break_holder] -->          \"@type\": \"ListItem\",<!-- [et_pb_line_break_holder] -->          \"position\": 3,<!-- [et_pb_line_break_holder] -->          \"name\": \"Private Nursing Montreal\",<!-- [et_pb_line_break_holder] -->          \"item\": \"https:\/\/www.aplushomecare.ca\/private-nursing-montreal\/\"<!-- [et_pb_line_break_holder] -->        }<!-- [et_pb_line_break_holder] -->      ]<!-- [et_pb_line_break_holder] -->    },<!-- [et_pb_line_break_holder] -->    {<!-- [et_pb_line_break_holder] -->      \"@type\": \"FAQPage\",<!-- [et_pb_line_break_holder] -->      \"@id\": \"https:\/\/www.aplushomecare.ca\/private-nursing-montreal\/#faq\",<!-- [et_pb_line_break_holder] -->      \"mainEntity\": [<!-- [et_pb_line_break_holder] -->        {<!-- [et_pb_line_break_holder] -->          \"@type\": \"Question\",<!-- [et_pb_line_break_holder] -->          \"name\": \"What types of private nursing services do you offer in Montreal?\",<!-- [et_pb_line_break_holder] -->          \"acceptedAnswer\": {<!-- [et_pb_line_break_holder] -->            \"@type\": \"Answer\",<!-- [et_pb_line_break_holder] -->            \"text\": \"A+ Solutions provides private nursing care in Montreal for non-emergency medical needs at home, in senior residences, or in other appropriate care settings. Services may include wound care, post-operative recovery, injections, medication management, mobile blood tests and specimen collection, palliative care, catheter care, ostomy care, chronic disease monitoring, home health assessments, and mother and newborn care.\"<!-- [et_pb_line_break_holder] -->          }<!-- [et_pb_line_break_holder] -->        },<!-- [et_pb_line_break_holder] -->        {<!-- [et_pb_line_break_holder] -->          \"@type\": \"Question\",<!-- [et_pb_line_break_holder] -->          \"name\": \"Are your nursing services covered by private insurance in Quebec?\",<!-- [et_pb_line_break_holder] -->          \"acceptedAnswer\": {<!-- [et_pb_line_break_holder] -->            \"@type\": \"Answer\",<!-- [et_pb_line_break_holder] -->            \"text\": \"Private nursing services may be covered by some private insurance plans in Quebec, depending on the policy, medical need, and required documentation. A+ Solutions can provide receipts for eligible services, and patients should confirm reimbursement directly with their insurance provider before booking.\"<!-- [et_pb_line_break_holder] -->          }<!-- [et_pb_line_break_holder] -->        },<!-- [et_pb_line_break_holder] -->        {<!-- [et_pb_line_break_holder] -->          \"@type\": \"Question\",<!-- [et_pb_line_break_holder] -->          \"name\": \"Is private nursing covered by RAMQ?\",<!-- [et_pb_line_break_holder] -->          \"acceptedAnswer\": {<!-- [et_pb_line_break_holder] -->            \"@type\": \"Answer\",<!-- [et_pb_line_break_holder] -->            \"text\": \"Private nursing care arranged through a private agency is generally not covered by RAMQ. Some patients may qualify for publicly funded home care through the CLSC, while others choose private nursing for faster access, flexible scheduling, or additional support at home.\"<!-- [et_pb_line_break_holder] -->          }<!-- [et_pb_line_break_holder] -->        },<!-- [et_pb_line_break_holder] -->        {<!-- [et_pb_line_break_holder] -->          \"@type\": \"Question\",<!-- [et_pb_line_break_holder] -->          \"name\": \"Are your nurses licensed to practice in Quebec?\",<!-- [et_pb_line_break_holder] -->          \"acceptedAnswer\": {<!-- [et_pb_line_break_holder] -->            \"@type\": \"Answer\",<!-- [et_pb_line_break_holder] -->            \"text\": \"Yes. A+ Solutions works with registered nurses and licensed practical nurses who are licensed to practice in Quebec through the appropriate professional orders. Registered nurses are regulated by the OIIQ, and licensed practical nurses are regulated by the OIIAQ.\"<!-- [et_pb_line_break_holder] -->          }<!-- [et_pb_line_break_holder] -->        },<!-- [et_pb_line_break_holder] -->        {<!-- [et_pb_line_break_holder] -->          \"@type\": \"Question\",<!-- [et_pb_line_break_holder] -->          \"name\": \"Do I need a doctor\u2019s referral for private nursing care?\",<!-- [et_pb_line_break_holder] -->          \"acceptedAnswer\": {<!-- [et_pb_line_break_holder] -->            \"@type\": \"Answer\",<!-- [et_pb_line_break_holder] -->            \"text\": \"A doctor\u2019s referral is not always required for private nursing care, but it may be needed for services such as injections, IV therapy, wound care instructions, medication administration, blood tests, or post-operative care. A+ Solutions can review the requirements during the free consultation.\"<!-- [et_pb_line_break_holder] -->          }<!-- [et_pb_line_break_holder] -->        },<!-- [et_pb_line_break_holder] -->        {<!-- [et_pb_line_break_holder] -->          \"@type\": \"Question\",<!-- [et_pb_line_break_holder] -->          \"name\": \"Why should I choose a private nurse instead of a CLSC?\",<!-- [et_pb_line_break_holder] -->          \"acceptedAnswer\": {<!-- [et_pb_line_break_holder] -->            \"@type\": \"Answer\",<!-- [et_pb_line_break_holder] -->            \"text\": \"A private nurse may be a good option when a patient needs flexible scheduling, faster access for planned care, or nursing support at home that fits their timing and location. CLSC services are publicly funded, but availability, eligibility, frequency, and wait times may vary.\"<!-- [et_pb_line_break_holder] -->          }<!-- [et_pb_line_break_holder] -->        },<!-- [et_pb_line_break_holder] -->        {<!-- [et_pb_line_break_holder] -->          \"@type\": \"Question\",<!-- [et_pb_line_break_holder] -->          \"name\": \"How much does private nursing care cost in Montreal?\",<!-- [et_pb_line_break_holder] -->          \"acceptedAnswer\": {<!-- [et_pb_line_break_holder] -->            \"@type\": \"Answer\",<!-- [et_pb_line_break_holder] -->            \"text\": \"The cost of private nursing care in Montreal depends on the type of service, visit length, location, complexity of care, and whether the patient needs one-time, recurring, overnight, or 24\/7 nursing support. A+ Solutions provides pricing information after reviewing the patient\u2019s needs.\"<!-- [et_pb_line_break_holder] -->          }<!-- [et_pb_line_break_holder] -->        },<!-- [et_pb_line_break_holder] -->        {<!-- [et_pb_line_break_holder] -->          \"@type\": \"Question\",<!-- [et_pb_line_break_holder] -->          \"name\": \"Can I book a same-day private nurse home visit?\",<!-- [et_pb_line_break_holder] -->          \"acceptedAnswer\": {<!-- [et_pb_line_break_holder] -->            \"@type\": \"Answer\",<!-- [et_pb_line_break_holder] -->            \"text\": \"Same-day private nurse home visits may be available depending on the service required, nurse availability, location, and whether medical instructions or prescriptions are already in place. For life-threatening symptoms, call 911 or go to the nearest emergency department.\"<!-- [et_pb_line_break_holder] -->          }<!-- [et_pb_line_break_holder] -->        },<!-- [et_pb_line_break_holder] -->        {<!-- [et_pb_line_break_holder] -->          \"@type\": \"Question\",<!-- [et_pb_line_break_holder] -->          \"name\": \"Do you provide nursing care in Laval and the West Island?\",<!-- [et_pb_line_break_holder] -->          \"acceptedAnswer\": {<!-- [et_pb_line_break_holder] -->            \"@type\": \"Answer\",<!-- [et_pb_line_break_holder] -->            \"text\": \"Yes. A+ Solutions provides private nursing care in Montreal, Laval, the West Island, and surrounding communities. Nurses can visit patients at home, in senior residences, recovery settings, or other appropriate care locations depending on the service required and scheduling availability.\"<!-- [et_pb_line_break_holder] -->          }<!-- [et_pb_line_break_holder] -->        },<!-- [et_pb_line_break_holder] -->        {<!-- [et_pb_line_break_holder] -->          \"@type\": \"Question\",<!-- [et_pb_line_break_holder] -->          \"name\": \"How do I schedule an appointment with a private nurse home visit?\",<!-- [et_pb_line_break_holder] -->          \"acceptedAnswer\": {<!-- [et_pb_line_break_holder] -->            \"@type\": \"Answer\",<!-- [et_pb_line_break_holder] -->            \"text\": \"To schedule a private nurse home visit, contact A+ Solutions for a free consultation, share the patient\u2019s care needs and location, complete a care review, and confirm the appointment time. If available, provide any doctor\u2019s referral, prescription, discharge instructions, or care plan before the visit.\"<!-- [et_pb_line_break_holder] -->          }<!-- [et_pb_line_break_holder] -->        }<!-- [et_pb_line_break_holder] -->      ]<!-- [et_pb_line_break_holder] -->    }<!-- [et_pb_line_break_holder] -->  ]<!-- [et_pb_line_break_holder] -->}<!-- [et_pb_line_break_holder] --><\/script>[\/et_pb_code][\/et_pb_column][et_pb_column type=&#8221;1_3&#8243; _builder_version=&#8221;4.27.4&#8243; _module_preset=&#8221;default&#8221; global_colors_info=&#8221;{}&#8221;][et_pb_image src=&#8221;https:\/\/www.aplushomecare.ca\/wp-content\/uploads\/2025\/06\/homehealthcare-faq.webp&#8221; alt=&#8221;Nurse from A+ Solutions Home Care providing private in-home medical and nursing services.&#8221; title_text=&#8221;Nurse from A+ Solutions Home Care providing private in-home medical and nursing services.&#8221; align_tablet=&#8221;center&#8221; align_phone=&#8221;center&#8221; align_last_edited=&#8221;on|tablet&#8221; _builder_version=&#8221;4.27.4&#8243; _module_preset=&#8221;default&#8221; width_tablet=&#8221;300px&#8221; width_phone=&#8221;300px&#8221; width_last_edited=&#8221;on|tablet&#8221; border_radii=&#8221;off|||20px|20px&#8221; border_radii_tablet=&#8221;on|20px|20px|20px|20px&#8221; border_radii_phone=&#8221;on|20px|20px|20px|20px&#8221; border_radii_last_edited=&#8221;on|tablet&#8221; global_colors_info=&#8221;{}&#8221;][\/et_pb_image][\/et_pb_column][\/et_pb_row][\/et_pb_section][et_pb_section fb_built=&#8221;1&#8243; custom_padding_last_edited=&#8221;on|phone&#8221; module_class=&#8221;logo_slider_sec&#8221; _builder_version=&#8221;4.27.4&#8243; _module_preset=&#8221;default&#8221; background_color=&#8221;#f0f7ff&#8221; custom_padding=&#8221;50px||50px||true|false&#8221; custom_padding_tablet=&#8221;50px||50px||true|false&#8221; custom_padding_phone=&#8221;30px||30px||true|false&#8221; saved_tabs=&#8221;all&#8221; locked=&#8221;off&#8221; global_colors_info=&#8221;{}&#8221;][et_pb_row custom_padding_last_edited=&#8221;on|phone&#8221; _builder_version=&#8221;4.27.4&#8243; _module_preset=&#8221;default&#8221; width_tablet=&#8221;&#8221; width_phone=&#8221;90%&#8221; width_last_edited=&#8221;on|phone&#8221; custom_padding=&#8221;0px||0px||true|false&#8221; custom_padding_tablet=&#8221;&#8221; custom_padding_phone=&#8221;&#8221; global_colors_info=&#8221;{}&#8221;][et_pb_column type=&#8221;4_4&#8243; _builder_version=&#8221;4.27.4&#8243; _module_preset=&#8221;default&#8221; global_colors_info=&#8221;{}&#8221;][et_pb_text _builder_version=&#8221;4.27.4&#8243; _module_preset=&#8221;default&#8221; global_colors_info=&#8221;{}&#8221;]<\/p>\n<h3 style=\"text-align: center;\">Partenaires de laboratoire certifi\u00e9s et ressources m\u00e9dicales d\u2019A+ Solutions<\/h3>\n<p>[\/et_pb_text][dipi_carousel loop_wide=&#8221;on&#8221; autoplay_wide=&#8221;on&#8221; pause_on_hover_wide=&#8221;on&#8221; loop_mid=&#8221;on&#8221; autoplay_mid=&#8221;on&#8221; loop_small=&#8221;on&#8221; autoplay_small=&#8221;on&#8221; show_lightbox=&#8221;off&#8221; navigation=&#8221;on&#8221; navigation_prev_icon_yn=&#8221;on&#8221; navigation_prev_icon=&#8221;&#xf053;||fa||900&#8243; navigation_next_icon_yn=&#8221;on&#8221; navigation_next_icon=&#8221;&#xf054;||fa||900&#8243; navigation_color=&#8221;#000000&#8243; navigation_position_left=&#8221;-42px&#8221; navigation_position_right=&#8221;-42px&#8221; navigation_position_left_tablet=&#8221;&#8221; navigation_position_left_phone=&#8221;0px&#8221; navigation_position_left_last_edited=&#8221;on|phone&#8221; navigation_position_right_tablet=&#8221;&#8221; navigation_position_right_phone=&#8221;0px&#8221; navigation_position_right_last_edited=&#8221;on|phone&#8221; _builder_version=&#8221;4.27.4&#8243; _module_preset=&#8221;default&#8221; global_colors_info=&#8221;{%22gcid-7baf000c-c226-4504-8f2c-6dd92b192d4d%22:%91%22navigation_color__hover%22%93}&#8221; navigation_color__hover_enabled=&#8221;on|hover&#8221; navigation_color__hover=&#8221;#ef3822&#8243;][dipi_carousel_child img_src=&#8221;https:\/\/www.aplushomecare.ca\/wp-content\/uploads\/2025\/03\/Layer-502.webp&#8221; img_alt=&#8221;Ordre des infirmi\u00e8res et infirmiers du Qu\u00e9bec (OIIQ) logo&#8221; desc_text=&#8221;<\/p>\n<p>Membres de l\u2019OIIQ<\/p>\n<p>&#8221; _builder_version=&#8221;4.27.4&#8243; _module_preset=&#8221;default&#8221; width=&#8221;150px&#8221; global_colors_info=&#8221;{}&#8221;][\/dipi_carousel_child][dipi_carousel_child img_src=&#8221;https:\/\/www.aplushomecare.ca\/wp-content\/uploads\/2025\/03\/Logo_OIIAQ.jpg&#8221; img_alt=&#8221;Ordre des infirmi\u00e8res et infirmiers auxiliaires du Qu\u00e9bec (OIIAQ) logo&#8221; desc_text=&#8221;<\/p>\n<p>Membres de l\u2019OIIAQ<\/p>\n<p>&#8221; _builder_version=&#8221;4.27.4&#8243; _module_preset=&#8221;default&#8221; global_colors_info=&#8221;{}&#8221;][\/dipi_carousel_child][dipi_carousel_child img_src=&#8221;https:\/\/www.aplushomecare.ca\/wp-content\/uploads\/2025\/03\/CDL.png&#8221; img_alt=&#8221;CDL Laboratories logo&#8221; desc_text=&#8221;<\/p>\n<p>Laboratoire partenaire<\/p>\n<p>&#8221; _builder_version=&#8221;4.27.4&#8243; _module_preset=&#8221;default&#8221; global_colors_info=&#8221;{}&#8221;][\/dipi_carousel_child][dipi_carousel_child img_src=&#8221;https:\/\/www.aplushomecare.ca\/wp-content\/uploads\/2025\/03\/hear-stroke-logo.webp&#8221; img_alt=&#8221;Heart and Stroke Foundation logo&#8221; desc_text=&#8221;<\/p>\n<p>Fier d&#8217;appuyer C\u0153ur + AVC<\/p>\n<p>&#8221; _builder_version=&#8221;4.27.4&#8243; _module_preset=&#8221;default&#8221; global_colors_info=&#8221;{}&#8221;][\/dipi_carousel_child][dipi_carousel_child img_src=&#8221;https:\/\/www.aplushomecare.ca\/wp-content\/uploads\/2025\/03\/walk-for-logo.webp&#8221; img_alt=&#8221;Walk for a cause logo&#8221; desc_text=&#8221;<\/p>\n<p>Fier d&#8217;appuyer la Marche pour l&#8217;Alzheimer<\/p>\n<p>&#8221; _builder_version=&#8221;4.27.4&#8243; _module_preset=&#8221;default&#8221; global_colors_info=&#8221;{}&#8221;][\/dipi_carousel_child][dipi_carousel_child img_src=&#8221;https:\/\/www.aplushomecare.ca\/wp-content\/uploads\/2025\/03\/CCS_logo_TW-Copy.png&#8221; img_alt=&#8221;Canadian Cancer Society (CCS) logo&#8221; desc_text=&#8221;<\/p>\n<p>Fier d&#8217;appuyer la Soci\u00e9t\u00e9 canadienne du cancer<\/p>\n<p>&#8221; _builder_version=&#8221;4.27.4&#8243; _module_preset=&#8221;default&#8221; global_colors_info=&#8221;{}&#8221;][\/dipi_carousel_child][dipi_carousel_child img_src=&#8221;https:\/\/www.aplushomecare.ca\/wp-content\/uploads\/2025\/03\/cda-logo.jpg&#8221; img_alt=&#8221;Canadian Diabetes Association (CDA) logo&#8221; desc_text=&#8221;<\/p>\n<p>Fier d&#8217;appuyer Diab\u00e8te Canada<\/p>\n<p>&#8221; _builder_version=&#8221;4.27.4&#8243; _module_preset=&#8221;default&#8221; global_colors_info=&#8221;{}&#8221;][\/dipi_carousel_child][dipi_carousel_child img_src=&#8221;https:\/\/www.aplushomecare.ca\/wp-content\/uploads\/2025\/03\/download.png&#8221; img_alt=&#8221;Pharmaprix logo \u2013 Shoppers Drug Mart brand in Qu\u00e9bec&#8221; desc_text=&#8221;<\/p>\n<p>Partenaire commercial de Pharmaprix<\/p>\n<p>&#8221; _builder_version=&#8221;4.27.4&#8243; _module_preset=&#8221;default&#8221; global_colors_info=&#8221;{}&#8221;][\/dipi_carousel_child][dipi_carousel_child img_src=&#8221;https:\/\/www.aplushomecare.ca\/wp-content\/uploads\/2025\/03\/jean-coutu-logo.webp&#8221; img_alt=&#8221;Jean Coutu logo&#8221; desc_text=&#8221;<\/p>\n<p>Partenaire commercial de Jean Coutu<\/p>\n<p>&#8221; _builder_version=&#8221;4.27.4&#8243; _module_preset=&#8221;default&#8221; global_colors_info=&#8221;{}&#8221;][\/dipi_carousel_child][\/dipi_carousel][\/et_pb_column][\/et_pb_row][\/et_pb_section][et_pb_section fb_built=&#8221;1&#8243; _builder_version=&#8221;4.27.4&#8243; _module_preset=&#8221;default&#8221; use_background_color_gradient=&#8221;on&#8221; background_color_gradient_stops=&#8221;gcid-1d1bdcfe-5369-401e-be3f-f0c8ce3868af 0%|rgba(54,149,235,0.77) 100%&#8221; background_color_gradient_overlays_image=&#8221;on&#8221; background_image=&#8221;https:\/\/www.aplushomecare.ca\/wp-content\/uploads\/2025\/03\/Call-us-bg.webp&#8221; saved_tabs=&#8221;all&#8221; locked=&#8221;off&#8221; global_colors_info=&#8221;{%22gcid-1d1bdcfe-5369-401e-be3f-f0c8ce3868af%22:%91%22background_color_gradient_stops%22%93}&#8221;][et_pb_row make_equal=&#8221;on&#8221; _builder_version=&#8221;4.27.4&#8243; _module_preset=&#8221;default&#8221; width=&#8221;70%&#8221; width_tablet=&#8221;80%&#8221; width_phone=&#8221;90%&#8221; width_last_edited=&#8221;on|tablet&#8221; custom_padding=&#8221;0px||0px||true|false&#8221; custom_css_main_element=&#8221;align-items:center;&#8221; global_colors_info=&#8221;{}&#8221;][et_pb_column type=&#8221;4_4&#8243; _builder_version=&#8221;4.27.4&#8243; _module_preset=&#8221;default&#8221; global_colors_info=&#8221;{}&#8221;][et_pb_text _builder_version=&#8221;4.27.4&#8243; _module_preset=&#8221;default&#8221; header_2_font=&#8221;|700|||||||&#8221; header_2_text_align=&#8221;center&#8221; header_2_text_color=&#8221;#FFFFFF&#8221; header_2_line_height=&#8221;1.2em&#8221; header_3_font=&#8221;&#8211;et_global_body_font|600|||||||&#8221; header_3_font_size=&#8221;24px&#8221; header_4_font=&#8221;Asap|600|||||||&#8221; custom_margin=&#8221;||10px||false|false&#8221; custom_margin_phone=&#8221;||10px||false|false&#8221; custom_margin_last_edited=&#8221;off|desktop&#8221; header_2_text_align_tablet=&#8221;center&#8221; header_2_text_align_phone=&#8221;center&#8221; header_2_text_align_last_edited=&#8221;off|desktop&#8221; header_2_font_size_phone=&#8221;30px&#8221; global_colors_info=&#8221;%91%93&#8243;]<\/p>\n<h2>Planifiez des soins infirmiers priv\u00e9s : services offerts \u00e0 Montr\u00e9al, dans l\u2019Ouest-de-l\u2019\u00cele, \u00e0 Laval et \u00e0 Longueuil<\/h2>\n<p>[\/et_pb_text][dipi_button_grid flex_direction=&#8221;row&#8221; align_items=&#8221;center&#8221; flex_direction_tablet=&#8221;row&#8221; flex_direction_phone=&#8221;column&#8221; flex_direction_last_edited=&#8221;on|phone&#8221; _builder_version=&#8221;4.27.4&#8243; _module_preset=&#8221;default&#8221; global_colors_info=&#8221;{}&#8221;][dipi_button_grid_child button_id=&#8221;number &#8221; button_text=&#8221;(514) 999-8009&#8243; button_link=&#8221;tel:+5149998009&#8243; _builder_version=&#8221;4.27.4&#8243; _module_preset=&#8221;default&#8221; custom_button=&#8221;on&#8221; button_custom_padding=&#8221;10px|25px|10px|25px|true|true&#8221; custom_margin_tablet=&#8221;&#8221; custom_margin_phone=&#8221;||20px||false|false&#8221; custom_margin_last_edited=&#8221;on|phone&#8221; global_colors_info=&#8221;{}&#8221;][\/dipi_button_grid_child][dipi_button_grid_child button_id=&#8221;Book Now&#8221; button_text=&#8221;Prendre rendez-vous&#8221; button_link=&#8221;#appointment&#8221; _builder_version=&#8221;4.27.4&#8243; _module_preset=&#8221;default&#8221; custom_button=&#8221;on&#8221; button_custom_padding=&#8221;10px|25px|10px|25px|true|true&#8221; global_colors_info=&#8221;{}&#8221;][\/dipi_button_grid_child][\/dipi_button_grid][\/et_pb_column][\/et_pb_row][\/et_pb_section]<\/p>\n","protected":false},"excerpt":{"rendered":"<p>[et_pb_section fb_built=&#8221;1&#8243; custom_padding_last_edited=&#8221;on|phone&#8221; _builder_version=&#8221;4.27.4&#8243; _module_preset=&#8221;default&#8221; use_background_color_gradient=&#8221;on&#8221; background_color_gradient_stops=&#8221;rgba(207,242,254,0.82) 0%|rgba(207,242,254,0.82) 100%&#8221; background_color_gradient_overlays_image=&#8221;on&#8221; background_image=&#8221;https:\/\/www.aplushomecare.ca\/wp-content\/uploads\/2026\/06\/private-nursing-montreal-aplus-nurse.png&#8221; background_position=&#8221;top_center&#8221; background_vertical_offset=&#8221;13%&#8221; custom_padding=&#8221;100px||100px||true|false&#8221; custom_padding_tablet=&#8221;50px||50px||true|false&#8221; custom_padding_phone=&#8221;50px||50px||true|false&#8221; locked=&#8221;off&#8221; global_colors_info=&#8221;{}&#8221;][et_pb_row _builder_version=&#8221;4.27.4&#8243; _module_preset=&#8221;default&#8221; global_colors_info=&#8221;{}&#8221;][et_pb_column type=&#8221;4_4&#8243; _builder_version=&#8221;4.27.4&#8243; _module_preset=&#8221;default&#8221; global_colors_info=&#8221;{}&#8221;][et_pb_text _builder_version=&#8221;4.27.4&#8243; _module_preset=&#8221;default&#8221; text_font=&#8221;|300|||||||&#8221; text_font_size=&#8221;22px&#8221; text_line_height=&#8221;1.6em&#8221; header_font_size=&#8221;52px&#8221; header_2_font=&#8221;&#8211;et_global_heading_font|300|||||||&#8221; header_2_font_size=&#8221;25px&#8221; global_colors_info=&#8221;{}&#8221;] Soins infirmiers priv\u00e9s \u00e0 Montr\u00e9al : personnel infirmier membre de l\u2019OIIQ\/OIIAQ [\/et_pb_text][et_pb_text _builder_version=&#8221;4.27.4&#8243; _module_preset=&#8221;default&#8221; text_font=&#8221;||||||||&#8221; text_font_size=&#8221;24px&#8221; text_line_height=&#8221;1.6em&#8221; header_font_size=&#8221;52px&#8221; header_2_font=&#8221;&#8211;et_global_heading_font|300|||||||&#8221; header_2_font_size=&#8221;26px&#8221; locked=&#8221;off&#8221; [&hellip;]<\/p>\n","protected":false},"author":1,"featured_media":0,"parent":0,"menu_order":0,"comment_status":"closed","ping_status":"closed","template":"","meta":{"_acf_changed":false,"nf_dc_page":"","_et_pb_use_builder":"on","_et_pb_old_content":"","_et_gb_content_width":"","footnotes":""},"dipi_cpt_category":[],"class_list":["post-25838539","page","type-page","status-publish","hentry"],"acf":[],"_links":{"self":[{"href":"https:\/\/www.aplushomecare.ca\/fr\/wp-json\/wp\/v2\/pages\/25838539","targetHints":{"allow":["GET"]}}],"collection":[{"href":"https:\/\/www.aplushomecare.ca\/fr\/wp-json\/wp\/v2\/pages"}],"about":[{"href":"https:\/\/www.aplushomecare.ca\/fr\/wp-json\/wp\/v2\/types\/page"}],"author":[{"embeddable":true,"href":"https:\/\/www.aplushomecare.ca\/fr\/wp-json\/wp\/v2\/users\/1"}],"replies":[{"embeddable":true,"href":"https:\/\/www.aplushomecare.ca\/fr\/wp-json\/wp\/v2\/comments?post=25838539"}],"version-history":[{"count":5,"href":"https:\/\/www.aplushomecare.ca\/fr\/wp-json\/wp\/v2\/pages\/25838539\/revisions"}],"predecessor-version":[{"id":25838738,"href":"https:\/\/www.aplushomecare.ca\/fr\/wp-json\/wp\/v2\/pages\/25838539\/revisions\/25838738"}],"wp:attachment":[{"href":"https:\/\/www.aplushomecare.ca\/fr\/wp-json\/wp\/v2\/media?parent=25838539"}],"wp:term":[{"taxonomy":"dipi_cpt_category","embeddable":true,"href":"https:\/\/www.aplushomecare.ca\/fr\/wp-json\/wp\/v2\/dipi_cpt_category?post=25838539"}],"curies":[{"name":"wp","href":"https:\/\/api.w.org\/{rel}","templated":true}]}}